{"id":6735,"date":"2020-12-26T13:32:28","date_gmt":"2020-12-26T12:32:28","guid":{"rendered":"https:\/\/kirche-hettenhausen.de\/site\/?page_id=6735"},"modified":"2025-09-25T10:58:57","modified_gmt":"2025-09-25T08:58:57","slug":"zeltplatz-am-hauck","status":"publish","type":"page","link":"https:\/\/www.kirche-hettenhausen.de\/site\/einrichtungen\/zeltplatz-am-hauck\/","title":{"rendered":"Zeltplatz am Hauck"},"content":{"rendered":"<p>&nbsp;<\/p>\n<p><img loading=\"lazy\" decoding=\"async\" class=\"aligncenter wp-image-7164 size-large\" src=\"https:\/\/www.kirche-hettenhausen.de\/site\/wp-content\/uploads\/2021\/01\/Zeltplatz-Dalherda_2-1024x576.jpg\" alt=\"Zeltplatz Dalherda\" width=\"770\" height=\"433\" srcset=\"https:\/\/www.kirche-hettenhausen.de\/site\/wp-content\/uploads\/2021\/01\/Zeltplatz-Dalherda_2-1024x576.jpg 1024w, https:\/\/www.kirche-hettenhausen.de\/site\/wp-content\/uploads\/2021\/01\/Zeltplatz-Dalherda_2-300x169.jpg 300w, https:\/\/www.kirche-hettenhausen.de\/site\/wp-content\/uploads\/2021\/01\/Zeltplatz-Dalherda_2-768x432.jpg 768w, https:\/\/www.kirche-hettenhausen.de\/site\/wp-content\/uploads\/2021\/01\/Zeltplatz-Dalherda_2-1536x864.jpg 1536w, https:\/\/www.kirche-hettenhausen.de\/site\/wp-content\/uploads\/2021\/01\/Zeltplatz-Dalherda_2.jpg 1599w\" sizes=\"auto, (max-width: 770px) 100vw, 770px\" \/><\/p>\n<p style=\"text-align: right;\"><img loading=\"lazy\" decoding=\"async\" class=\"alignright wp-image-9822 size-full\" src=\"https:\/\/www.kirche-hettenhausen.de\/site\/wp-content\/uploads\/2021\/08\/Logo-Zeltplatz-am-Hauck-440x90-1.png\" alt=\"\" width=\"440\" height=\"90\" srcset=\"https:\/\/www.kirche-hettenhausen.de\/site\/wp-content\/uploads\/2021\/08\/Logo-Zeltplatz-am-Hauck-440x90-1.png 440w, https:\/\/www.kirche-hettenhausen.de\/site\/wp-content\/uploads\/2021\/08\/Logo-Zeltplatz-am-Hauck-440x90-1-300x61.png 300w\" sizes=\"auto, (max-width: 440px) 100vw, 440px\" \/><\/p>\n<p>&nbsp;<\/p>\n<h4><\/h4>\n<p>&nbsp;<\/p>\n<p>&nbsp;<\/p>\n<h4 style=\"text-align: center;\">Wir freuen uns, Sie als G\u00e4ste auf unserem<br \/>\nsch\u00f6nen Zeltplatz in Dalherda begr\u00fc\u00dfen zu d\u00fcrfen!<\/h4>\n<h4 style=\"text-align: center;\">Ob der Zeltplatz zu Ihrem Wunschtermin frei ist, sehen Sie auf einen Blick auf unserem<\/h4>\n<h3 style=\"text-align: center;\"><a href=\"https:\/\/www.kirche-hettenhausen.de\/site\/einrichtungen\/zeltplatz-am-hauck\/buchung-belegung\/\">Belegungsplan<\/a>.<\/h3>\n<p>&nbsp;<\/p>\n<table style=\"border-collapse: collapse; width: 100%; height: 240px;\">\n<tbody>\n<tr style=\"height: 24px;\">\n<td style=\"width: 40.9755%; height: 24px;\"><strong>Hauseignung<\/strong><\/td>\n<td style=\"width: 59.0245%; height: 24px;\">Freizeit, Seminare, Klassen, Familien<\/td>\n<\/tr>\n<tr style=\"height: 48px;\">\n<td style=\"width: 40.9755%; height: 48px;\"><strong>Kapazit\u00e4t<\/strong><\/td>\n<td style=\"width: 59.0245%; height: 48px;\">Zeltplatz f\u00fcr 100 Personen<br \/>\n1 Aufenthaltsraum<\/td>\n<\/tr>\n<tr style=\"height: 72px;\">\n<td style=\"width: 40.9755%; height: 72px;\"><strong>Sanit\u00e4re Anlagen<\/strong><\/td>\n<td style=\"width: 59.0245%; height: 72px;\">2 Duschr\u00e4ume mit jeweils 2 Duschen<br \/>\n2 WC-R\u00e4ume mit jeweils 2 WC\u00b4s<br \/>\n2 Waschr\u00e4ume mit jeweils 3 Waschbecken<\/td>\n<\/tr>\n<tr style=\"height: 24px;\">\n<td style=\"width: 40.9755%; height: 24px;\"><strong>Entfernungen<\/strong><\/td>\n<td style=\"width: 59.0245%; height: 24px;\">Badem\u00f6glichkeit 0,5 km, Hallenbad 25 km, Bahnhof 5 km<\/td>\n<\/tr>\n<tr style=\"height: 24px;\">\n<td style=\"width: 40.9755%; height: 24px;\"><strong>Extras<\/strong><\/td>\n<td style=\"width: 59.0245%; height: 24px;\">Allein-\/Mindestbelegung au\u00dferhalb der Sommerferien: 30 Personen<br \/>\nAllein-\/Mindestbelegung innerhalb der Sommerferien: 40 Personen<\/td>\n<\/tr>\n<tr style=\"height: 48px;\">\n<td style=\"width: 40.9755%; height: 48px;\"><strong>Preise<\/strong><\/td>\n<td style=\"width: 59.0245%; height: 48px;\"><a href=\"https:\/\/www.kirche-hettenhausen.de\/site\/wp-content\/uploads\/2021\/11\/Gebuehrenordnung-Zeltplatz-am-Hauck.pdf\" target=\"_blank\" rel=\"noopener\">Geb\u00fchrenordnung<\/a><br \/>\n<strong>4,00 \u20ac<\/strong> \/ Tag \/ Teilnehmer*in (zzgl. Strom und Wasser)<\/td>\n<\/tr>\n<\/tbody>\n<\/table>\n<p>&nbsp;<\/p>\n<h3><strong><span style=\"color: black;\"><br \/>\n<\/span><\/strong><span style=\"color: #db1385;\">Kontakt<\/span><\/h3>\n<p>Ev.-luth. Kirchengemeinde Hettenhausen \u2013 Dalherda<br \/>\nEbersberger Stra\u00dfe 11<br \/>\n36129 Gersfeld (Rh\u00f6n)-Hettenhausen<\/p>\n<p>E-Mail: <a href=\"mailto:zeltplatz@www.kirche-hettenhausen.de\">zeltplatz@www.kirche-hettenhausen.de<\/a><br \/>\nWebseite:\u00a0<a href=\"http:\/\/zeltplatz.www.kirche-hettenhausen.de\/\">www.zeltplatz.www.kirche-hettenhausen.de<\/a><\/p>\n<p>&nbsp;<\/p>\n<p>F\u00fcr Anfragen wenden Sie sich bitte ausschlie\u00dflich schriftlich per <strong><a href=\"mailto:zeltplatz@www.kirche-hettenhausen.de\" target=\"_blank\" rel=\"noopener\">E-Mail<\/a><\/strong> oder \u00fcber das <strong><a href=\"https:\/\/www.kirche-hettenhausen.de\/site\/einrichtungen\/zeltplatz-am-hauck\/buchung-belegung\/\">Kontaktformular<\/a><\/strong> an uns.<\/p>\n<p>&nbsp;<\/p>\n<h3><span style=\"color: #db1385;\">Weitere Informationen finden Sie hier:<\/span><\/h3>\n<h4>\u00a0\u27a1 \u00a0<a href=\"https:\/\/www.kirche-hettenhausen.de\/site\/einrichtungen\/zeltplatz-am-hauck\/zeltplatz-lage\/\">Zeltplatz &amp; Lage<\/a><\/h4>\n<h4>\u00a0\u27a1 \u00a0<a href=\"https:\/\/www.kirche-hettenhausen.de\/site\/einrichtungen\/zeltplatz-am-hauck\/gebaeude\/\">Geb\u00e4ude<\/a><\/h4>\n<h4>\u00a0\u27a1 \u00a0<a href=\"https:\/\/www.kirche-hettenhausen.de\/site\/einrichtungen\/zeltplatz-am-hauck\/buchung-belegung\/\">Buchung &amp; Belegung<\/a><\/h4>\n","protected":false},"excerpt":{"rendered":"<p>&nbsp; &nbsp; &nbsp; &nbsp; Wir freuen uns, Sie als G\u00e4ste auf unserem sch\u00f6nen Zeltplatz in Dalherda begr\u00fc\u00dfen zu d\u00fcrfen! Ob der Zeltplatz zu Ihrem Wunschtermin frei ist, sehen Sie auf einen Blick auf unserem Belegungsplan. &nbsp; Hauseignung Freizeit, Seminare, Klassen, Familien Kapazit\u00e4t Zeltplatz f\u00fcr 100 Personen 1 Aufenthaltsraum Sanit\u00e4re Anlagen 2 Duschr\u00e4ume mit jeweils 2 [&hellip;]<\/p>\n","protected":false},"author":2,"featured_media":8848,"parent":23,"menu_order":50,"comment_status":"closed","ping_status":"closed","template":"","meta":{"footnotes":""},"class_list":["post-6735","page","type-page","status-publish","has-post-thumbnail","hentry"],"yoast_head":"<!-- This site is optimized with the Yoast SEO plugin v27.4 - https:\/\/yoast.com\/product\/yoast-seo-wordpress\/ -->\n<title>Zeltplatz am Hauck - Ev.-luth. Kirchengemeinde Hettenhausen - Dalherda<\/title>\n<meta name=\"description\" content=\"Ev.-luth. Kirchengemeinde Hettenhausen - Dalherda - Zeltplatz am Hauck - Jugendzeltplatz der Ev.-luth. Kirchengemeinde\" \/>\n<meta name=\"robots\" content=\"index, follow, max-snippet:-1, max-image-preview:large, max-video-preview:-1\" \/>\n<link rel=\"canonical\" href=\"https:\/\/www.kirche-hettenhausen.de\/site\/einrichtungen\/zeltplatz-am-hauck\/\" \/>\n<meta property=\"og:locale\" content=\"de_DE\" \/>\n<meta property=\"og:type\" content=\"article\" \/>\n<meta property=\"og:title\" content=\"Zeltplatz am Hauck - Ev.-luth. Kirchengemeinde Hettenhausen - Dalherda\" \/>\n<meta property=\"og:description\" content=\"Ev.-luth. Kirchengemeinde Hettenhausen - Dalherda - Zeltplatz am Hauck - Jugendzeltplatz der Ev.-luth. Kirchengemeinde\" \/>\n<meta property=\"og:url\" content=\"https:\/\/www.kirche-hettenhausen.de\/site\/einrichtungen\/zeltplatz-am-hauck\/\" \/>\n<meta property=\"og:site_name\" content=\"Ev.-luth. Kirchengemeinde Hettenhausen - Dalherda\" \/>\n<meta property=\"article:modified_time\" content=\"2025-09-25T08:58:57+00:00\" \/>\n<meta property=\"og:image\" content=\"https:\/\/www.kirche-hettenhausen.de\/site\/wp-content\/uploads\/2021\/05\/2434781140.jpg\" \/>\n\t<meta property=\"og:image:width\" content=\"902\" \/>\n\t<meta property=\"og:image:height\" content=\"600\" \/>\n\t<meta property=\"og:image:type\" content=\"image\/jpeg\" \/>\n<meta name=\"twitter:card\" content=\"summary_large_image\" \/>\n<meta name=\"twitter:label1\" content=\"Gesch\u00e4tzte Lesezeit\" \/>\n\t<meta name=\"twitter:data1\" content=\"2\u00a0Minuten\" \/>\n<script type=\"application\/ld+json\" class=\"yoast-schema-graph\">{\"@context\":\"https:\\\/\\\/schema.org\",\"@graph\":[{\"@type\":\"WebPage\",\"@id\":\"https:\\\/\\\/www.kirche-hettenhausen.de\\\/site\\\/einrichtungen\\\/zeltplatz-am-hauck\\\/\",\"url\":\"https:\\\/\\\/www.kirche-hettenhausen.de\\\/site\\\/einrichtungen\\\/zeltplatz-am-hauck\\\/\",\"name\":\"Zeltplatz am Hauck - Ev.-luth. Kirchengemeinde Hettenhausen - Dalherda\",\"isPartOf\":{\"@id\":\"https:\\\/\\\/www.kirche-hettenhausen.de\\\/site\\\/#website\"},\"primaryImageOfPage\":{\"@id\":\"https:\\\/\\\/www.kirche-hettenhausen.de\\\/site\\\/einrichtungen\\\/zeltplatz-am-hauck\\\/#primaryimage\"},\"image\":{\"@id\":\"https:\\\/\\\/www.kirche-hettenhausen.de\\\/site\\\/einrichtungen\\\/zeltplatz-am-hauck\\\/#primaryimage\"},\"thumbnailUrl\":\"https:\\\/\\\/www.kirche-hettenhausen.de\\\/site\\\/wp-content\\\/uploads\\\/2021\\\/05\\\/2434781140.jpg\",\"datePublished\":\"2020-12-26T12:32:28+00:00\",\"dateModified\":\"2025-09-25T08:58:57+00:00\",\"description\":\"Ev.-luth. Kirchengemeinde Hettenhausen - Dalherda - Zeltplatz am Hauck - Jugendzeltplatz der Ev.-luth. Kirchengemeinde\",\"breadcrumb\":{\"@id\":\"https:\\\/\\\/www.kirche-hettenhausen.de\\\/site\\\/einrichtungen\\\/zeltplatz-am-hauck\\\/#breadcrumb\"},\"inLanguage\":\"de\",\"potentialAction\":[{\"@type\":\"ReadAction\",\"target\":[\"https:\\\/\\\/www.kirche-hettenhausen.de\\\/site\\\/einrichtungen\\\/zeltplatz-am-hauck\\\/\"]}]},{\"@type\":\"ImageObject\",\"inLanguage\":\"de\",\"@id\":\"https:\\\/\\\/www.kirche-hettenhausen.de\\\/site\\\/einrichtungen\\\/zeltplatz-am-hauck\\\/#primaryimage\",\"url\":\"https:\\\/\\\/www.kirche-hettenhausen.de\\\/site\\\/wp-content\\\/uploads\\\/2021\\\/05\\\/2434781140.jpg\",\"contentUrl\":\"https:\\\/\\\/www.kirche-hettenhausen.de\\\/site\\\/wp-content\\\/uploads\\\/2021\\\/05\\\/2434781140.jpg\",\"width\":902,\"height\":600},{\"@type\":\"BreadcrumbList\",\"@id\":\"https:\\\/\\\/www.kirche-hettenhausen.de\\\/site\\\/einrichtungen\\\/zeltplatz-am-hauck\\\/#breadcrumb\",\"itemListElement\":[{\"@type\":\"ListItem\",\"position\":1,\"name\":\"Startseite\",\"item\":\"https:\\\/\\\/www.kirche-hettenhausen.de\\\/site\\\/\"},{\"@type\":\"ListItem\",\"position\":2,\"name\":\"Einrichtungen\",\"item\":\"https:\\\/\\\/www.kirche-hettenhausen.de\\\/site\\\/einrichtungen\\\/\"},{\"@type\":\"ListItem\",\"position\":3,\"name\":\"Zeltplatz am Hauck\"}]},{\"@type\":\"WebSite\",\"@id\":\"https:\\\/\\\/www.kirche-hettenhausen.de\\\/site\\\/#website\",\"url\":\"https:\\\/\\\/www.kirche-hettenhausen.de\\\/site\\\/\",\"name\":\"Ev.-luth. Kirchengemeinde Hettenhausen - Dalherda\",\"description\":\"Homepage der Ev.-luth. Kirchengemeinde Hettenhausen - Dalherda\",\"potentialAction\":[{\"@type\":\"SearchAction\",\"target\":{\"@type\":\"EntryPoint\",\"urlTemplate\":\"https:\\\/\\\/www.kirche-hettenhausen.de\\\/site\\\/?s={search_term_string}\"},\"query-input\":{\"@type\":\"PropertyValueSpecification\",\"valueRequired\":true,\"valueName\":\"search_term_string\"}}],\"inLanguage\":\"de\"}]}<\/script>\n<!-- \/ Yoast SEO plugin. -->","yoast_head_json":{"title":"Zeltplatz am Hauck - Ev.-luth. Kirchengemeinde Hettenhausen - Dalherda","description":"Ev.-luth. Kirchengemeinde Hettenhausen - Dalherda - Zeltplatz am Hauck - Jugendzeltplatz der Ev.-luth. Kirchengemeinde","robots":{"index":"index","follow":"follow","max-snippet":"max-snippet:-1","max-image-preview":"max-image-preview:large","max-video-preview":"max-video-preview:-1"},"canonical":"https:\/\/www.kirche-hettenhausen.de\/site\/einrichtungen\/zeltplatz-am-hauck\/","og_locale":"de_DE","og_type":"article","og_title":"Zeltplatz am Hauck - Ev.-luth. Kirchengemeinde Hettenhausen - Dalherda","og_description":"Ev.-luth. Kirchengemeinde Hettenhausen - Dalherda - Zeltplatz am Hauck - Jugendzeltplatz der Ev.-luth. Kirchengemeinde","og_url":"https:\/\/www.kirche-hettenhausen.de\/site\/einrichtungen\/zeltplatz-am-hauck\/","og_site_name":"Ev.-luth. Kirchengemeinde Hettenhausen - Dalherda","article_modified_time":"2025-09-25T08:58:57+00:00","og_image":[{"width":902,"height":600,"url":"https:\/\/www.kirche-hettenhausen.de\/site\/wp-content\/uploads\/2021\/05\/2434781140.jpg","type":"image\/jpeg"}],"twitter_card":"summary_large_image","twitter_misc":{"Gesch\u00e4tzte Lesezeit":"2\u00a0Minuten"},"schema":{"@context":"https:\/\/schema.org","@graph":[{"@type":"WebPage","@id":"https:\/\/www.kirche-hettenhausen.de\/site\/einrichtungen\/zeltplatz-am-hauck\/","url":"https:\/\/www.kirche-hettenhausen.de\/site\/einrichtungen\/zeltplatz-am-hauck\/","name":"Zeltplatz am Hauck - Ev.-luth. Kirchengemeinde Hettenhausen - Dalherda","isPartOf":{"@id":"https:\/\/www.kirche-hettenhausen.de\/site\/#website"},"primaryImageOfPage":{"@id":"https:\/\/www.kirche-hettenhausen.de\/site\/einrichtungen\/zeltplatz-am-hauck\/#primaryimage"},"image":{"@id":"https:\/\/www.kirche-hettenhausen.de\/site\/einrichtungen\/zeltplatz-am-hauck\/#primaryimage"},"thumbnailUrl":"https:\/\/www.kirche-hettenhausen.de\/site\/wp-content\/uploads\/2021\/05\/2434781140.jpg","datePublished":"2020-12-26T12:32:28+00:00","dateModified":"2025-09-25T08:58:57+00:00","description":"Ev.-luth. Kirchengemeinde Hettenhausen - Dalherda - Zeltplatz am Hauck - Jugendzeltplatz der Ev.-luth. Kirchengemeinde","breadcrumb":{"@id":"https:\/\/www.kirche-hettenhausen.de\/site\/einrichtungen\/zeltplatz-am-hauck\/#breadcrumb"},"inLanguage":"de","potentialAction":[{"@type":"ReadAction","target":["https:\/\/www.kirche-hettenhausen.de\/site\/einrichtungen\/zeltplatz-am-hauck\/"]}]},{"@type":"ImageObject","inLanguage":"de","@id":"https:\/\/www.kirche-hettenhausen.de\/site\/einrichtungen\/zeltplatz-am-hauck\/#primaryimage","url":"https:\/\/www.kirche-hettenhausen.de\/site\/wp-content\/uploads\/2021\/05\/2434781140.jpg","contentUrl":"https:\/\/www.kirche-hettenhausen.de\/site\/wp-content\/uploads\/2021\/05\/2434781140.jpg","width":902,"height":600},{"@type":"BreadcrumbList","@id":"https:\/\/www.kirche-hettenhausen.de\/site\/einrichtungen\/zeltplatz-am-hauck\/#breadcrumb","itemListElement":[{"@type":"ListItem","position":1,"name":"Startseite","item":"https:\/\/www.kirche-hettenhausen.de\/site\/"},{"@type":"ListItem","position":2,"name":"Einrichtungen","item":"https:\/\/www.kirche-hettenhausen.de\/site\/einrichtungen\/"},{"@type":"ListItem","position":3,"name":"Zeltplatz am Hauck"}]},{"@type":"WebSite","@id":"https:\/\/www.kirche-hettenhausen.de\/site\/#website","url":"https:\/\/www.kirche-hettenhausen.de\/site\/","name":"Ev.-luth. Kirchengemeinde Hettenhausen - Dalherda","description":"Homepage der Ev.-luth. Kirchengemeinde Hettenhausen - Dalherda","potentialAction":[{"@type":"SearchAction","target":{"@type":"EntryPoint","urlTemplate":"https:\/\/www.kirche-hettenhausen.de\/site\/?s={search_term_string}"},"query-input":{"@type":"PropertyValueSpecification","valueRequired":true,"valueName":"search_term_string"}}],"inLanguage":"de"}]}},"_links":{"self":[{"href":"https:\/\/www.kirche-hettenhausen.de\/site\/wp-json\/wp\/v2\/pages\/6735","targetHints":{"allow":["GET"]}}],"collection":[{"href":"https:\/\/www.kirche-hettenhausen.de\/site\/wp-json\/wp\/v2\/pages"}],"about":[{"href":"https:\/\/www.kirche-hettenhausen.de\/site\/wp-json\/wp\/v2\/types\/page"}],"author":[{"embeddable":true,"href":"https:\/\/www.kirche-hettenhausen.de\/site\/wp-json\/wp\/v2\/users\/2"}],"replies":[{"embeddable":true,"href":"https:\/\/www.kirche-hettenhausen.de\/site\/wp-json\/wp\/v2\/comments?post=6735"}],"version-history":[{"count":61,"href":"https:\/\/www.kirche-hettenhausen.de\/site\/wp-json\/wp\/v2\/pages\/6735\/revisions"}],"predecessor-version":[{"id":16478,"href":"https:\/\/www.kirche-hettenhausen.de\/site\/wp-json\/wp\/v2\/pages\/6735\/revisions\/16478"}],"up":[{"embeddable":true,"href":"https:\/\/www.kirche-hettenhausen.de\/site\/wp-json\/wp\/v2\/pages\/23"}],"wp:featuredmedia":[{"embeddable":true,"href":"https:\/\/www.kirche-hettenhausen.de\/site\/wp-json\/wp\/v2\/media\/8848"}],"wp:attachment":[{"href":"https:\/\/www.kirche-hettenhausen.de\/site\/wp-json\/wp\/v2\/media?parent=6735"}],"curies":[{"name":"wp","href":"https:\/\/api.w.org\/{rel}","templated":true}]}}