{"id":27,"date":"2013-11-25T20:41:41","date_gmt":"2013-11-25T19:41:41","guid":{"rendered":"https:\/\/kirche-hettenhausen.de\/site\/?page_id=27"},"modified":"2026-05-01T20:22:53","modified_gmt":"2026-05-01T18:22:53","slug":"kontakt","status":"publish","type":"page","link":"https:\/\/www.kirche-hettenhausen.de\/site\/kontakt\/","title":{"rendered":"Kontakt"},"content":{"rendered":"<h2 style=\"text-align: right;\"><span style=\"font-size: 24pt;\">Ev.-luth. Kirchengemeinde Hettenhausen &#8211; Dalherda<\/span><span style=\"font-size: 24pt;\"><strong><br \/>\n<\/strong><\/span><\/h2>\n<h4 style=\"text-align: right;\"><strong>\u00a0<\/strong>Altenfeld &#8211; Ebersberg &#8211; Gichenbach &#8211; Poppenhausen &#8211; Ried &#8211; Schmalnau &#8211; Thalau &#8211; Weyhers<\/h4>\n<p>&nbsp;<\/p>\n<p>&nbsp;<\/p>\n<p><a href=\"https:\/\/www.ekkw.de\/index.php\" target=\"_blank\" rel=\"noopener\"><img loading=\"lazy\" decoding=\"async\" class=\"alignnone\" src=\"https:\/\/www.kirche-hettenhausen.de\/site\/wp-content\/uploads\/2018\/07\/EKKW-200x80.png\" alt=\"\" width=\"210\" height=\"80\" \/><\/a><\/p>\n<h4><a href=\"https:\/\/www.kirche-hettenhausen.de\/site\/2022\/07\/aufbau-und-strukturen-unserer-landeskirche\/\" target=\"_blank\" rel=\"noopener\">Aufbau und Strukturen unserer Landeskirche<\/a><\/h4>\n<h4><a href=\"https:\/\/www.kirche-hettenhausen.de\/site\/2026\/03\/konstituierung-der-kreissynode\/\">Kreissynode<\/a><\/h4>\n<h4><a href=\"https:\/\/www.kirche-hettenhausen.de\/site\/wp-content\/uploads\/2025\/06\/ProfilHettenhausenDalherda-2025.pdf\" target=\"_blank\" rel=\"noopener\">Gemein<\/a><a href=\"https:\/\/www.kirche-hettenhausen.de\/site\/wp-content\/uploads\/2025\/06\/ProfilHettenhausenDalherda-2025.pdf\" target=\"_blank\" rel=\"noopener\">de-<\/a><a href=\"https:\/\/www.kirche-hettenhausen.de\/site\/wp-content\/uploads\/2025\/06\/ProfilHettenhausenDalherda-2025.pdf\" target=\"_blank\" rel=\"noopener\"> und<\/a><a href=\"https:\/\/www.kirche-hettenhausen.de\/site\/wp-content\/uploads\/2025\/06\/ProfilHettenhausenDalherda-2025.pdf\" target=\"_blank\" rel=\"noopener\"> Pfarrstellenprofil<\/a><a href=\"https:\/\/www.kirche-hettenhausen.de\/site\/wp-content\/uploads\/2025\/06\/ProfilHettenhausenDalherda-2025.pdf\" target=\"_blank\" rel=\"noopener\"> Hettenhause<\/a><a href=\"https:\/\/www.kirche-hettenhausen.de\/site\/wp-content\/uploads\/2025\/06\/ProfilHettenhausenDalherda-2025.pdf\" target=\"_blank\" rel=\"noopener\">n<\/a><a href=\"https:\/\/www.kirche-hettenhausen.de\/site\/wp-content\/uploads\/2025\/06\/ProfilHettenhausenDalherda-2025.pdf\" target=\"_blank\" rel=\"noopener\"> &#8211;<\/a><a href=\"https:\/\/www.kirche-hettenhausen.de\/site\/wp-content\/uploads\/2025\/06\/ProfilHettenhausenDalherda-2025.pdf\" target=\"_blank\" rel=\"noopener\"> Dalher<\/a><a href=\"https:\/\/www.kirche-hettenhausen.de\/site\/wp-content\/uploads\/2025\/06\/ProfilHettenhausenDalherda-2025.pdf\" target=\"_blank\" rel=\"noopener\">da<\/a><\/h4>\n<p>&nbsp;<\/p>\n<div id=\"attachment_2307\" style=\"width: 260px\" class=\"wp-caption alignnone\"><img loading=\"lazy\" decoding=\"async\" aria-describedby=\"caption-attachment-2307\" class=\"wp-image-2307 size-full\" src=\"https:\/\/www.kirche-hettenhausen.de\/site\/wp-content\/uploads\/2019\/02\/Kopie_von_SIGNET_Logo_4_rdax_250x250.gif\" alt=\"\" width=\"250\" height=\"250\" \/><p id=\"caption-attachment-2307\" class=\"wp-caption-text\">Die Pfarrkirche St. Georg Hettenhausen tr\u00e4gt das Signet &#8222;Verl\u00e4sslich ge\u00f6ffnete Kirchen&#8220;<\/p><\/div>\n<div id=\"wp_osm_\" class=\"wp_osm\" style=\"width: 100%; height: 500px\" data-lon=\"6524750\" data-lat=\"1092680\" data-zoom=\"16\">\r\n\r\n\t<div class=\"ol-popup\">\r\n\r\n\t    <a href=\"#\" class=\"ol-popup-closer\"><\/a>\r\n\r\n\t    <div class=\"popup-content\"><\/div>\r\n\r\n\t<\/div>\r\n\r\n\t<div class=\"marker\" data-icon=\"https:\/\/kirche-hettenhausen.de\/site\/wp-content\/plugins\/wp-open-street-map\/images\/markers\/marker.png\" data-lon=\"1092660\" data-lat=\"6524810\" data-name=\"Pfarrkirche St. Georg Hettenhausen\" data-description=\"Pfarrkirche St. Georg Hettenhausen\"><\/div><div class=\"marker\" data-icon=\"https:\/\/kirche-hettenhausen.de\/site\/wp-content\/plugins\/wp-open-street-map\/images\/markers\/marker.png\" data-lon=\"1092550\" data-lat=\"6524870\" data-name=\"Martin-Luther-Haus\" data-description=\"Martin-Luther-Haus\"><\/div><div class=\"marker\" data-icon=\"https:\/\/kirche-hettenhausen.de\/site\/wp-content\/plugins\/wp-open-street-map\/images\/markers\/marker.png\" data-lon=\"1092560\" data-lat=\"6524890\" data-name=\"Ev.-luth. Pfarramt\" data-description=\"Ev.-luth. Pfarramt\"><\/div><div class=\"marker\" data-icon=\"https:\/\/kirche-hettenhausen.de\/site\/wp-content\/plugins\/wp-open-street-map\/images\/markers\/marker.png\" data-lon=\"1092390\" data-lat=\"6524700\" data-name=\"Ev. Kindergarten Arche Noah\" data-description=\"Ev. Kindergarten &quot;Arche Noah&quot;\"><\/div><div class=\"marker\" data-icon=\"https:\/\/kirche-hettenhausen.de\/site\/wp-content\/plugins\/wp-open-street-map\/images\/markers\/marker.png\" data-lon=\"1092950\" data-lat=\"6524820\" data-name=\"Friedhof Hettenhausen\" data-description=\"Friedhof Hettenhausen\"><\/div><div class=\"marker\" data-icon=\"https:\/\/kirche-hettenhausen.de\/site\/wp-content\/plugins\/wp-open-street-map\/images\/markers\/marker.png\" data-lon=\"1094010\" data-lat=\"6519130\" data-name=\"Ev. Kirche Dalherda\" data-description=\"Ev. Kirche Dalherda\"><\/div><div class=\"marker\" data-icon=\"https:\/\/kirche-hettenhausen.de\/site\/wp-content\/plugins\/wp-open-street-map\/images\/markers\/marker.png\" data-lon=\"1094030\" data-lat=\"6518900\" data-name=\"Ev. Gemeindehaus Dalherda\" data-description=\"Ev. Gemeindehaus Dalherda\"><\/div><div class=\"marker\" data-icon=\"https:\/\/kirche-hettenhausen.de\/site\/wp-content\/plugins\/wp-open-street-map\/images\/markers\/marker.png\" data-lon=\"1094480\" data-lat=\"6519380\" data-name=\"Zeltplatz am Hauck\" data-description=\"Zeltplatz am Hauck\"><\/div><div class=\"marker\" data-icon=\"https:\/\/kirche-hettenhausen.de\/site\/wp-content\/plugins\/wp-open-street-map\/images\/markers\/marker.png\" data-lon=\"1099160\" data-lat=\"6531050\" data-name=\"Melanchthonhaus Poppenhausen\" data-description=\"Melanchthonhaus Poppenhausen\"><\/div><div class=\"marker\" data-icon=\"https:\/\/kirche-hettenhausen.de\/site\/wp-content\/plugins\/wp-open-street-map\/images\/markers\/marker.png\" data-lon=\"1092550\" data-lat=\"6524900\" data-name=\"VCP Hettenhausen\" data-description=\"VCP Hettenhausen - Pfadfinderheim\"><\/div>\r\n<\/div>\n<p>&nbsp;<\/p>\n<p>&nbsp;<\/p>\n<div id=\"wp_osm_\" class=\"wp_osm\" style=\"width: 100%; height: 400px\" data-lon=\"6519130\" data-lat=\"1094170\" data-zoom=\"16\">\r\n\r\n\t<div class=\"ol-popup\">\r\n\r\n\t    <a href=\"#\" class=\"ol-popup-closer\"><\/a>\r\n\r\n\t    <div class=\"popup-content\"><\/div>\r\n\r\n\t<\/div>\r\n\r\n\t<div class=\"marker\" data-icon=\"https:\/\/kirche-hettenhausen.de\/site\/wp-content\/plugins\/wp-open-street-map\/images\/markers\/marker.png\" data-lon=\"1094010\" data-lat=\"6519130\" data-name=\"Ev. Kirche Dalherda\" data-description=\"Ev. Kirche Dalherda\"><\/div><div class=\"marker\" data-icon=\"https:\/\/kirche-hettenhausen.de\/site\/wp-content\/plugins\/wp-open-street-map\/images\/markers\/marker.png\" data-lon=\"1094040\" data-lat=\"6518900\" data-name=\"Ev. Gemeindehaus Dalherda\" data-description=\"Ev. Gemeindehaus Dalherda\"><\/div><div class=\"marker\" data-icon=\"https:\/\/kirche-hettenhausen.de\/site\/wp-content\/plugins\/wp-open-street-map\/images\/markers\/marker.png\" data-lon=\"1094480\" data-lat=\"6519390\" data-name=\"Zeltplatz am Hauck\" data-description=\"Zeltplatz am Hauck\"><\/div>\r\n<\/div>\n<p>&nbsp;<\/p>\n<p>&nbsp;<\/p>\n<div id=\"wp_osm_\" class=\"wp_osm\" style=\"width: 100%; height: 400px\" data-lon=\"6531280\" data-lat=\"1098860\" data-zoom=\"15\">\r\n\r\n\t<div class=\"ol-popup\">\r\n\r\n\t    <a href=\"#\" class=\"ol-popup-closer\"><\/a>\r\n\r\n\t    <div class=\"popup-content\"><\/div>\r\n\r\n\t<\/div>\r\n\r\n\t<div class=\"marker\" data-icon=\"https:\/\/kirche-hettenhausen.de\/site\/wp-content\/plugins\/wp-open-street-map\/images\/markers\/marker.png\" data-lon=\"1099150\" data-lat=\"6531060\" data-name=\"Melanchthonhaus Poppenhausen\" data-description=\"Melanchthonhaus Poppenhausen\"><\/div>\r\n<\/div>\n","protected":false},"excerpt":{"rendered":"<p>Ev.-luth. Kirchengemeinde Hettenhausen &#8211; Dalherda \u00a0Altenfeld &#8211; Ebersberg &#8211; Gichenbach &#8211; Poppenhausen &#8211; Ried &#8211; Schmalnau &#8211; Thalau &#8211; Weyhers &nbsp; &nbsp; Aufbau und Strukturen unserer Landeskirche Kreissynode Gemeinde- und Pfarrstellenprofil Hettenhausen &#8211; Dalherda &nbsp; &nbsp; &nbsp; &nbsp; &nbsp;<\/p>\n","protected":false},"author":1,"featured_media":0,"parent":0,"menu_order":1,"comment_status":"closed","ping_status":"closed","template":"","meta":{"footnotes":""},"class_list":["post-27","page","type-page","status-publish","hentry"],"yoast_head":"<!-- This site is optimized with the Yoast SEO plugin v27.5 - https:\/\/yoast.com\/product\/yoast-seo-wordpress\/ -->\n<title>Kontakt - Ev.-luth. Kirchengemeinde Hettenhausen - Dalherda<\/title>\n<meta name=\"robots\" content=\"index, follow, max-snippet:-1, max-image-preview:large, max-video-preview:-1\" \/>\n<link rel=\"canonical\" href=\"https:\/\/www.kirche-hettenhausen.de\/site\/kontakt\/\" \/>\n<meta property=\"og:locale\" content=\"de_DE\" \/>\n<meta property=\"og:type\" content=\"article\" \/>\n<meta property=\"og:title\" content=\"Kontakt - Ev.-luth. Kirchengemeinde Hettenhausen - Dalherda\" \/>\n<meta property=\"og:description\" content=\"Ev.-luth. Kirchengemeinde Hettenhausen &#8211; Dalherda \u00a0Altenfeld &#8211; Ebersberg &#8211; Gichenbach &#8211; Poppenhausen &#8211; Ried &#8211; Schmalnau &#8211; Thalau &#8211; Weyhers &nbsp; &nbsp; Aufbau und Strukturen unserer Landeskirche Kreissynode Gemeinde- und Pfarrstellenprofil Hettenhausen &#8211; Dalherda &nbsp; &nbsp; &nbsp; &nbsp; &nbsp;\" \/>\n<meta property=\"og:url\" content=\"https:\/\/www.kirche-hettenhausen.de\/site\/kontakt\/\" \/>\n<meta property=\"og:site_name\" content=\"Ev.-luth. Kirchengemeinde Hettenhausen - Dalherda\" \/>\n<meta property=\"article:modified_time\" content=\"2026-05-01T18:22:53+00:00\" \/>\n<meta property=\"og:image\" content=\"https:\/\/www.kirche-hettenhausen.de\/site\/wp-content\/uploads\/2018\/07\/EKKW-200x80.png\" \/>\n<meta name=\"twitter:card\" content=\"summary_large_image\" \/>\n<meta name=\"twitter:label1\" content=\"Gesch\u00e4tzte Lesezeit\" \/>\n\t<meta name=\"twitter:data1\" content=\"1\u00a0Minute\" \/>\n<script type=\"application\/ld+json\" class=\"yoast-schema-graph\">{\"@context\":\"https:\\\/\\\/schema.org\",\"@graph\":[{\"@type\":\"WebPage\",\"@id\":\"https:\\\/\\\/www.kirche-hettenhausen.de\\\/site\\\/kontakt\\\/\",\"url\":\"https:\\\/\\\/www.kirche-hettenhausen.de\\\/site\\\/kontakt\\\/\",\"name\":\"Kontakt - Ev.-luth. Kirchengemeinde Hettenhausen - Dalherda\",\"isPartOf\":{\"@id\":\"https:\\\/\\\/www.kirche-hettenhausen.de\\\/site\\\/#website\"},\"primaryImageOfPage\":{\"@id\":\"https:\\\/\\\/www.kirche-hettenhausen.de\\\/site\\\/kontakt\\\/#primaryimage\"},\"image\":{\"@id\":\"https:\\\/\\\/www.kirche-hettenhausen.de\\\/site\\\/kontakt\\\/#primaryimage\"},\"thumbnailUrl\":\"https:\\\/\\\/www.kirche-hettenhausen.de\\\/site\\\/wp-content\\\/uploads\\\/2018\\\/07\\\/EKKW-200x80.png\",\"datePublished\":\"2013-11-25T19:41:41+00:00\",\"dateModified\":\"2026-05-01T18:22:53+00:00\",\"breadcrumb\":{\"@id\":\"https:\\\/\\\/www.kirche-hettenhausen.de\\\/site\\\/kontakt\\\/#breadcrumb\"},\"inLanguage\":\"de\",\"potentialAction\":[{\"@type\":\"ReadAction\",\"target\":[\"https:\\\/\\\/www.kirche-hettenhausen.de\\\/site\\\/kontakt\\\/\"]}]},{\"@type\":\"ImageObject\",\"inLanguage\":\"de\",\"@id\":\"https:\\\/\\\/www.kirche-hettenhausen.de\\\/site\\\/kontakt\\\/#primaryimage\",\"url\":\"https:\\\/\\\/www.kirche-hettenhausen.de\\\/site\\\/wp-content\\\/uploads\\\/2018\\\/07\\\/EKKW-200x80.png\",\"contentUrl\":\"https:\\\/\\\/www.kirche-hettenhausen.de\\\/site\\\/wp-content\\\/uploads\\\/2018\\\/07\\\/EKKW-200x80.png\"},{\"@type\":\"BreadcrumbList\",\"@id\":\"https:\\\/\\\/www.kirche-hettenhausen.de\\\/site\\\/kontakt\\\/#breadcrumb\",\"itemListElement\":[{\"@type\":\"ListItem\",\"position\":1,\"name\":\"Startseite\",\"item\":\"https:\\\/\\\/www.kirche-hettenhausen.de\\\/site\\\/\"},{\"@type\":\"ListItem\",\"position\":2,\"name\":\"Kontakt\"}]},{\"@type\":\"WebSite\",\"@id\":\"https:\\\/\\\/www.kirche-hettenhausen.de\\\/site\\\/#website\",\"url\":\"https:\\\/\\\/www.kirche-hettenhausen.de\\\/site\\\/\",\"name\":\"Ev.-luth. Kirchengemeinde Hettenhausen - Dalherda\",\"description\":\"Homepage der Ev.-luth. Kirchengemeinde Hettenhausen - Dalherda\",\"potentialAction\":[{\"@type\":\"SearchAction\",\"target\":{\"@type\":\"EntryPoint\",\"urlTemplate\":\"https:\\\/\\\/www.kirche-hettenhausen.de\\\/site\\\/?s={search_term_string}\"},\"query-input\":{\"@type\":\"PropertyValueSpecification\",\"valueRequired\":true,\"valueName\":\"search_term_string\"}}],\"inLanguage\":\"de\"}]}<\/script>\n<!-- \/ Yoast SEO plugin. -->","yoast_head_json":{"title":"Kontakt - Ev.-luth. Kirchengemeinde Hettenhausen - Dalherda","robots":{"index":"index","follow":"follow","max-snippet":"max-snippet:-1","max-image-preview":"max-image-preview:large","max-video-preview":"max-video-preview:-1"},"canonical":"https:\/\/www.kirche-hettenhausen.de\/site\/kontakt\/","og_locale":"de_DE","og_type":"article","og_title":"Kontakt - Ev.-luth. Kirchengemeinde Hettenhausen - Dalherda","og_description":"Ev.-luth. Kirchengemeinde Hettenhausen &#8211; Dalherda \u00a0Altenfeld &#8211; Ebersberg &#8211; Gichenbach &#8211; Poppenhausen &#8211; Ried &#8211; Schmalnau &#8211; Thalau &#8211; Weyhers &nbsp; &nbsp; Aufbau und Strukturen unserer Landeskirche Kreissynode Gemeinde- und Pfarrstellenprofil Hettenhausen &#8211; Dalherda &nbsp; &nbsp; &nbsp; &nbsp; &nbsp;","og_url":"https:\/\/www.kirche-hettenhausen.de\/site\/kontakt\/","og_site_name":"Ev.-luth. Kirchengemeinde Hettenhausen - Dalherda","article_modified_time":"2026-05-01T18:22:53+00:00","og_image":[{"url":"https:\/\/www.kirche-hettenhausen.de\/site\/wp-content\/uploads\/2018\/07\/EKKW-200x80.png","type":"","width":"","height":""}],"twitter_card":"summary_large_image","twitter_misc":{"Gesch\u00e4tzte Lesezeit":"1\u00a0Minute"},"schema":{"@context":"https:\/\/schema.org","@graph":[{"@type":"WebPage","@id":"https:\/\/www.kirche-hettenhausen.de\/site\/kontakt\/","url":"https:\/\/www.kirche-hettenhausen.de\/site\/kontakt\/","name":"Kontakt - Ev.-luth. Kirchengemeinde Hettenhausen - Dalherda","isPartOf":{"@id":"https:\/\/www.kirche-hettenhausen.de\/site\/#website"},"primaryImageOfPage":{"@id":"https:\/\/www.kirche-hettenhausen.de\/site\/kontakt\/#primaryimage"},"image":{"@id":"https:\/\/www.kirche-hettenhausen.de\/site\/kontakt\/#primaryimage"},"thumbnailUrl":"https:\/\/www.kirche-hettenhausen.de\/site\/wp-content\/uploads\/2018\/07\/EKKW-200x80.png","datePublished":"2013-11-25T19:41:41+00:00","dateModified":"2026-05-01T18:22:53+00:00","breadcrumb":{"@id":"https:\/\/www.kirche-hettenhausen.de\/site\/kontakt\/#breadcrumb"},"inLanguage":"de","potentialAction":[{"@type":"ReadAction","target":["https:\/\/www.kirche-hettenhausen.de\/site\/kontakt\/"]}]},{"@type":"ImageObject","inLanguage":"de","@id":"https:\/\/www.kirche-hettenhausen.de\/site\/kontakt\/#primaryimage","url":"https:\/\/www.kirche-hettenhausen.de\/site\/wp-content\/uploads\/2018\/07\/EKKW-200x80.png","contentUrl":"https:\/\/www.kirche-hettenhausen.de\/site\/wp-content\/uploads\/2018\/07\/EKKW-200x80.png"},{"@type":"BreadcrumbList","@id":"https:\/\/www.kirche-hettenhausen.de\/site\/kontakt\/#breadcrumb","itemListElement":[{"@type":"ListItem","position":1,"name":"Startseite","item":"https:\/\/www.kirche-hettenhausen.de\/site\/"},{"@type":"ListItem","position":2,"name":"Kontakt"}]},{"@type":"WebSite","@id":"https:\/\/www.kirche-hettenhausen.de\/site\/#website","url":"https:\/\/www.kirche-hettenhausen.de\/site\/","name":"Ev.-luth. Kirchengemeinde Hettenhausen - Dalherda","description":"Homepage der Ev.-luth. Kirchengemeinde Hettenhausen - Dalherda","potentialAction":[{"@type":"SearchAction","target":{"@type":"EntryPoint","urlTemplate":"https:\/\/www.kirche-hettenhausen.de\/site\/?s={search_term_string}"},"query-input":{"@type":"PropertyValueSpecification","valueRequired":true,"valueName":"search_term_string"}}],"inLanguage":"de"}]}},"_links":{"self":[{"href":"https:\/\/www.kirche-hettenhausen.de\/site\/wp-json\/wp\/v2\/pages\/27","targetHints":{"allow":["GET"]}}],"collection":[{"href":"https:\/\/www.kirche-hettenhausen.de\/site\/wp-json\/wp\/v2\/pages"}],"about":[{"href":"https:\/\/www.kirche-hettenhausen.de\/site\/wp-json\/wp\/v2\/types\/page"}],"author":[{"embeddable":true,"href":"https:\/\/www.kirche-hettenhausen.de\/site\/wp-json\/wp\/v2\/users\/1"}],"replies":[{"embeddable":true,"href":"https:\/\/www.kirche-hettenhausen.de\/site\/wp-json\/wp\/v2\/comments?post=27"}],"version-history":[{"count":47,"href":"https:\/\/www.kirche-hettenhausen.de\/site\/wp-json\/wp\/v2\/pages\/27\/revisions"}],"predecessor-version":[{"id":17450,"href":"https:\/\/www.kirche-hettenhausen.de\/site\/wp-json\/wp\/v2\/pages\/27\/revisions\/17450"}],"wp:attachment":[{"href":"https:\/\/www.kirche-hettenhausen.de\/site\/wp-json\/wp\/v2\/media?parent=27"}],"curies":[{"name":"wp","href":"https:\/\/api.w.org\/{rel}","templated":true}]}}