{"id":205,"date":"2014-11-30T17:14:11","date_gmt":"2014-11-30T16:14:11","guid":{"rendered":"https:\/\/kirche-hettenhausen.de\/site\/?page_id=205"},"modified":"2026-01-17T23:48:23","modified_gmt":"2026-01-17T22:48:23","slug":"gottesdienste","status":"publish","type":"page","link":"https:\/\/www.kirche-hettenhausen.de\/site\/gottesdienste\/","title":{"rendered":"Gottesdienste &#038; Veranstaltungen"},"content":{"rendered":"<p>Hier finden Sie alle Termine zu unseren Gottesdiensten, Angeboten, Gruppentreffen, Veranstaltungen und Festen.<\/p>\n<p>F\u00fcr genauere Informationen klicken Sie einen Termin an und erfahren dort alle Details. \u00dcber die Funktion &#8222;Kategorie&#8220; k\u00f6nnen Sie eine Vorauswahl treffen und filtern. Viel Spa\u00df beim St\u00f6bern und herzliche Einladung zu unseren Gottesdiensten und Veranstaltungen!<\/p>\n<p>PS: Im Unterpunkt <a href=\"https:\/\/www.kirche-hettenhausen.de\/site\/gottesdienste\/gottesdienste-tabellarisch\/\">&#8222;Gottesdienste tabellarisch&#8220;<\/a> finden Sie die bisherige Ansicht.<\/p>\n<p><strong>\u00c4nderungen vorbehalten!<\/strong><\/p>\n<p>&nbsp;<\/p>\n<div id=\"mec_skin_7587\" class=\"mec-wrap colorskin-custom  \">\r\n\r\n    <form id=\"mec_search_form_7587\" class=\"mec-search-form mec-totalcal-box mec-dropdown-classic\" autocomplete=\"off\"><div class=\"mec-dropdown-wrap\" ><div class=\"mec-dropdown-search\"><i class=\"mec-sl-folder\"><\/i><select  name=' ' id='mec_sf_category_7587' class='postform'>\n\t<option value='' selected='selected'>Kategorie<\/option>\n\t<option class=\"level-0\" value=\"116\">Frauentreff<\/option>\n\t<option class=\"level-0\" value=\"109\">Gottesdienst<\/option>\n\t<option class=\"level-1\" value=\"114\">&nbsp;&nbsp;&nbsp;Gottesdienst Dalherda<\/option>\n\t<option class=\"level-1\" value=\"113\">&nbsp;&nbsp;&nbsp;Gottesdienst Hettenhausen<\/option>\n\t<option class=\"level-2\" value=\"117\">&nbsp;&nbsp;&nbsp;&nbsp;&nbsp;&nbsp;Kindergottesdienst Hettenhausen<\/option>\n\t<option class=\"level-1\" value=\"115\">&nbsp;&nbsp;&nbsp;Gottesdienst Poppenhausen<\/option>\n\t<option class=\"level-0\" value=\"121\">IT\/\u00d6ffentlichkeitsarbeit<\/option>\n\t<option class=\"level-0\" value=\"141\">Kindergarten<\/option>\n\t<option class=\"level-0\" value=\"119\">Kirchenvorstand<\/option>\n\t<option class=\"level-0\" value=\"112\">Kreis f\u00fcr Gemeindearbeit<\/option>\n\t<option class=\"level-0\" value=\"139\">Veranstaltungen\/Feste<\/option>\n<\/select>\n<\/div><\/div><div class=\"mec-text-input-search\"><i class=\"mec-sl-magnifier\"><\/i>\r\n                    <input type=\"search\" value=\"\" id=\"mec_sf_s_7587\" placeholder=\"Search\" title=\"Search\" \/>\r\n                <\/div><\/form>\r\n    <div class=\"mec-tile\">\r\n        <div class=\"mec-calendar-topsec\">\r\n            <div class=\"mec-clear\">\r\n                                <div class=\"mec-skin-tile-month-navigator-container\">\r\n                    <div class=\"mec-month-navigator\" id=\"mec_month_navigator_7587_202605\"><div class=\"mec-calendar-header\"><h2>Mai 2026<\/h2><\/div><div class=\"mec-next-month mec-load-month mec-next-month\" data-mec-year=\"2026\" data-mec-month=\"06\"><a href=\"#\" class=\"mec-load-month-link\">Juni <i class=\"mec-sl-angle-right\"><\/i><\/a><\/div><\/div>\r\n                <\/div>\r\n                \r\n                <div class=\"mec-calendar-table\" id=\"mec_skin_events_7587\">\r\n                                            <div class=\"mec-month-container mec-month-container-selected\" id=\"mec_tile_month_7587_202605\" data-month-id=\"202605\"><div class=\"mec-wrap colorskin-custom\">\r\n    <div class=\"mec-event-tile-view\">\r\n        <div class=\"row\"><div class=\"col-md-4 col-sm-4\">                    <article  data-href=\"https:\/\/www.kirche-hettenhausen.de\/site\/events\/gottesdienst-zur-jubilaeumskonfirmation-mit-abendmahl-kantate-5\/\" data-target=\"\" style=\"background:#a3b745 url('https:\/\/www.kirche-hettenhausen.de\/site\/wp-content\/uploads\/2022\/05\/20220515_124119-300x400.jpg')\" class=\"  mec-event-article mec-tile-item  mec-clear  \">\r\n                                                                        <div class=\"event-tile-view-head clearfix\">\r\n                                                            <div class=\"mec-event-month\"><span class=\"mec-start-date-label\">3 Mai<\/span><\/div>\r\n                                                        <div class=\"mec-event-time\"><i class=\"mec-sl-clock\"><\/i>10:00<\/div>\r\n                        <\/div>\r\n                        <div class=\"mec-event-content\" data-target=\"\" data-event-id=\"17122\">\r\n                            <a href=\"https:\/\/www.kirche-hettenhausen.de\/site\/events\/gottesdienst-zur-jubilaeumskonfirmation-mit-abendmahl-kantate-5\/\" target=\"\" class=\"mec-tile-into-content-link\"><\/a>                            <div class=\"mec-tile-event-content\">\r\n                                <div class=\"mec-event-detail\">\r\n                                                                                                            <span class=\"mec-event-loc-place\"><i class=\"mec-sl-location-pin\"><\/i>Kirche St. Georg Hettenhausen<\/span>                                                                    <\/div>\r\n                                                                <h4 class=\"mec-event-title\"><a class=\"mec-color-hover\" data-event-id=\"17122\" href=\"https:\/\/www.kirche-hettenhausen.de\/site\/events\/gottesdienst-zur-jubilaeumskonfirmation-mit-abendmahl-kantate-5\/\" target=\"_self\" rel=\"noopener\">Gottesdienst zur Jubil\u00e4umskonfirmation mit Abendmahl &#8222;Kantate&#8220;<\/a><\/h4>\r\n                                                            <\/div>\r\n                        <\/div>\r\n                    <\/article>\r\n                <\/div>                    <div class=\"col-md-4 col-sm-4\">                    <article  data-href=\"https:\/\/www.kirche-hettenhausen.de\/site\/events\/gemeinde-kreativ-8\/\" data-target=\"\" style=\"background:#e14d43 url('https:\/\/www.kirche-hettenhausen.de\/site\/wp-content\/uploads\/2026\/01\/Gemeinde-Kreativ-300x376.jpg')\" class=\"  mec-event-article mec-tile-item  mec-clear  \">\r\n                                                                        <div class=\"event-tile-view-head clearfix\">\r\n                                                            <div class=\"mec-event-month\"><span class=\"mec-start-date-label\">6 Mai<\/span><\/div>\r\n                                                        <div class=\"mec-event-time\"><i class=\"mec-sl-clock\"><\/i>19:00<\/div>\r\n                        <\/div>\r\n                        <div class=\"mec-event-content\" data-target=\"\" data-event-id=\"17174\">\r\n                            <a href=\"https:\/\/www.kirche-hettenhausen.de\/site\/events\/gemeinde-kreativ-8\/\" target=\"\" class=\"mec-tile-into-content-link\"><\/a>                            <div class=\"mec-tile-event-content\">\r\n                                <div class=\"mec-event-detail\">\r\n                                                                                                            <span class=\"mec-event-loc-place\"><i class=\"mec-sl-location-pin\"><\/i>Martin-Luther-Haus<\/span>                                                                    <\/div>\r\n                                                                <h4 class=\"mec-event-title\"><a class=\"mec-color-hover\" data-event-id=\"17174\" href=\"https:\/\/www.kirche-hettenhausen.de\/site\/events\/gemeinde-kreativ-8\/\" target=\"_self\" rel=\"noopener\">Gemeinde Kreativ<\/a><\/h4>\r\n                                                            <\/div>\r\n                        <\/div>\r\n                    <\/article>\r\n                <\/div>                    <div class=\"col-md-4 col-sm-4\">                    <article  data-href=\"https:\/\/www.kirche-hettenhausen.de\/site\/events\/frauentreff-33\/\" data-target=\"\" style=\"background:#dd823b url('https:\/\/www.kirche-hettenhausen.de\/site\/wp-content\/uploads\/2021\/02\/59659_bibelkreis_rgb-300x400.jpg')\" class=\"  mec-event-article mec-tile-item  mec-clear  \">\r\n                                                                        <div class=\"event-tile-view-head clearfix\">\r\n                                                            <div class=\"mec-event-month\"><span class=\"mec-start-date-label\">7 Mai<\/span><\/div>\r\n                                                        <div class=\"mec-event-time\"><i class=\"mec-sl-clock\"><\/i>15:00<\/div>\r\n                        <\/div>\r\n                        <div class=\"mec-event-content\" data-target=\"\" data-event-id=\"17019\">\r\n                            <a href=\"https:\/\/www.kirche-hettenhausen.de\/site\/events\/frauentreff-33\/\" target=\"\" class=\"mec-tile-into-content-link\"><\/a>                            <div class=\"mec-tile-event-content\">\r\n                                <div class=\"mec-event-detail\">\r\n                                                                                                            <span class=\"mec-event-loc-place\"><i class=\"mec-sl-location-pin\"><\/i>Martin-Luther-Haus<\/span>                                                                    <\/div>\r\n                                                                <h4 class=\"mec-event-title\"><a class=\"mec-color-hover\" data-event-id=\"17019\" href=\"https:\/\/www.kirche-hettenhausen.de\/site\/events\/frauentreff-33\/\" target=\"_self\" rel=\"noopener\">Frauentreff<\/a><\/h4>\r\n                                                            <\/div>\r\n                        <\/div>\r\n                    <\/article>\r\n                <\/div><\/div>                    <div class=\"row\"><div class=\"col-md-4 col-sm-4\">                    <article  data-href=\"https:\/\/www.kirche-hettenhausen.de\/site\/events\/gottesdienst-im-bruder-konrad-heim-10\/\" data-target=\"\" style=\"background:#e14d43 url('https:\/\/www.kirche-hettenhausen.de\/site\/wp-content\/uploads\/2021\/03\/Seniorentreff-300x300-1.png')\" class=\"  mec-event-article mec-tile-item  mec-clear  \">\r\n                                                                        <div class=\"event-tile-view-head clearfix\">\r\n                                                            <div class=\"mec-event-month\"><span class=\"mec-start-date-label\">8 Mai<\/span><\/div>\r\n                                                        <div class=\"mec-event-time\"><i class=\"mec-sl-clock\"><\/i>10:30<\/div>\r\n                        <\/div>\r\n                        <div class=\"mec-event-content\" data-target=\"\" data-event-id=\"17063\">\r\n                            <a href=\"https:\/\/www.kirche-hettenhausen.de\/site\/events\/gottesdienst-im-bruder-konrad-heim-10\/\" target=\"\" class=\"mec-tile-into-content-link\"><\/a>                            <div class=\"mec-tile-event-content\">\r\n                                <div class=\"mec-event-detail\">\r\n                                                                                                            <span class=\"mec-event-loc-place\"><i class=\"mec-sl-location-pin\"><\/i>Seniorenzentrum &quot;Bruder Konrad&quot; Weyhers<\/span>                                                                    <\/div>\r\n                                                                <h4 class=\"mec-event-title\"><a class=\"mec-color-hover\" data-event-id=\"17063\" href=\"https:\/\/www.kirche-hettenhausen.de\/site\/events\/gottesdienst-im-bruder-konrad-heim-10\/\" target=\"_self\" rel=\"noopener\">Gottesdienst im Bruder-Konrad-Heim<\/a><\/h4>\r\n                                                            <\/div>\r\n                        <\/div>\r\n                    <\/article>\r\n                <\/div>            <div class=\"col-md-4 col-sm-4\">                    <article  data-href=\"https:\/\/www.kirche-hettenhausen.de\/site\/events\/biergarten-im-pfarrgarten-7\/\" data-target=\"\" style=\"background:#e14d43 url('https:\/\/www.kirche-hettenhausen.de\/site\/wp-content\/uploads\/2026\/04\/Plakat_Flyer2026_05_Biergarten-300x400.jpg')\" class=\"  mec-event-article mec-tile-item  mec-clear  \">\r\n                                                                        <div class=\"event-tile-view-head clearfix\">\r\n                                                            <div class=\"mec-event-month\"><span class=\"mec-start-date-label\">8 Mai<\/span><\/div>\r\n                                                        <div class=\"mec-event-time\"><i class=\"mec-sl-clock\"><\/i>17:00<\/div>\r\n                        <\/div>\r\n                        <div class=\"mec-event-content\" data-target=\"\" data-event-id=\"16984\">\r\n                            <a href=\"https:\/\/www.kirche-hettenhausen.de\/site\/events\/biergarten-im-pfarrgarten-7\/\" target=\"\" class=\"mec-tile-into-content-link\"><\/a>                            <div class=\"mec-tile-event-content\">\r\n                                <div class=\"mec-event-detail\">\r\n                                                                                                            <span class=\"mec-event-loc-place\"><i class=\"mec-sl-location-pin\"><\/i>Pfarrgarten Hettenhausen<\/span>                                                                    <\/div>\r\n                                                                <h4 class=\"mec-event-title\"><a class=\"mec-color-hover\" data-event-id=\"16984\" href=\"https:\/\/www.kirche-hettenhausen.de\/site\/events\/biergarten-im-pfarrgarten-7\/\" target=\"_self\" rel=\"noopener\">Biergarten im Pfarrgarten<\/a><\/h4>\r\n                                                            <\/div>\r\n                        <\/div>\r\n                    <\/article>\r\n                <\/div>                    <div class=\"col-md-4 col-sm-4\">                    <article  data-href=\"https:\/\/www.kirche-hettenhausen.de\/site\/events\/gottesdienst-rogate-4\/\" data-target=\"\" style=\"background:#00a0d2 url('https:\/\/www.kirche-hettenhausen.de\/site\/wp-content\/uploads\/2021\/01\/Melanchthonhaus-Poppenhausen_3.jpg')\" class=\"  mec-event-article mec-tile-item  mec-clear  \">\r\n                                                                        <div class=\"event-tile-view-head clearfix\">\r\n                                                            <div class=\"mec-event-month\"><span class=\"mec-start-date-label\">10 Mai<\/span><\/div>\r\n                                                        <div class=\"mec-event-time\"><i class=\"mec-sl-clock\"><\/i>10:30<\/div>\r\n                        <\/div>\r\n                        <div class=\"mec-event-content\" data-target=\"\" data-event-id=\"17160\">\r\n                            <a href=\"https:\/\/www.kirche-hettenhausen.de\/site\/events\/gottesdienst-rogate-4\/\" target=\"\" class=\"mec-tile-into-content-link\"><\/a>                            <div class=\"mec-tile-event-content\">\r\n                                <div class=\"mec-event-detail\">\r\n                                                                                                            <span class=\"mec-event-loc-place\"><i class=\"mec-sl-location-pin\"><\/i>Melanchthonhaus Poppenhausen<\/span>                                                                    <\/div>\r\n                                                                <h4 class=\"mec-event-title\"><a class=\"mec-color-hover\" data-event-id=\"17160\" href=\"https:\/\/www.kirche-hettenhausen.de\/site\/events\/gottesdienst-rogate-4\/\" target=\"_self\" rel=\"noopener\">Gottesdienst &#8222;Rogate&#8220;<\/a><\/h4>\r\n                                                            <\/div>\r\n                        <\/div>\r\n                    <\/article>\r\n                <\/div><\/div>                    <div class=\"row\"><div class=\"col-md-4 col-sm-4\">                    <article  data-href=\"https:\/\/www.kirche-hettenhausen.de\/site\/events\/workshop-churchdesk-fuer-anfaenger\/\" data-target=\"\" style=\"background:#e14d43 url('https:\/\/www.kirche-hettenhausen.de\/site\/wp-content\/uploads\/2021\/03\/Pfarramt-300x300-1.png')\" class=\"  mec-event-article mec-tile-item  mec-clear  \">\r\n                                                                        <div class=\"event-tile-view-head clearfix\">\r\n                                                            <div class=\"mec-event-month\"><span class=\"mec-start-date-label\">12 Mai<\/span><\/div>\r\n                                                        <div class=\"mec-event-time\"><i class=\"mec-sl-clock\"><\/i>18:00<\/div>\r\n                        <\/div>\r\n                        <div class=\"mec-event-content\" data-target=\"\" data-event-id=\"17356\">\r\n                            <a href=\"https:\/\/www.kirche-hettenhausen.de\/site\/events\/workshop-churchdesk-fuer-anfaenger\/\" target=\"\" class=\"mec-tile-into-content-link\"><\/a>                            <div class=\"mec-tile-event-content\">\r\n                                <div class=\"mec-event-detail\">\r\n                                                                                                            <span class=\"mec-event-loc-place\"><i class=\"mec-sl-location-pin\"><\/i>Haus Oranien<\/span>                                                                    <\/div>\r\n                                                                <h4 class=\"mec-event-title\"><a class=\"mec-color-hover\" data-event-id=\"17356\" href=\"https:\/\/www.kirche-hettenhausen.de\/site\/events\/workshop-churchdesk-fuer-anfaenger\/\" target=\"_self\" rel=\"noopener\">Workshop: ChurchDesk f\u00fcr Anf\u00e4nger<\/a><\/h4>\r\n                                                            <\/div>\r\n                        <\/div>\r\n                    <\/article>\r\n                <\/div>                    <div class=\"col-md-4 col-sm-4\">                    <article  data-href=\"https:\/\/www.kirche-hettenhausen.de\/site\/events\/kaffee-und-mehr-6\/\" data-target=\"\" style=\"background:#e14d43 url('https:\/\/www.kirche-hettenhausen.de\/site\/wp-content\/uploads\/2018\/07\/strawberry-shortcake-3540625_1280.jpg')\" class=\"  mec-event-article mec-tile-item  mec-clear  \">\r\n                                                                        <div class=\"event-tile-view-head clearfix\">\r\n                                                            <div class=\"mec-event-month\"><span class=\"mec-start-date-label\">13 Mai<\/span><\/div>\r\n                                                        <div class=\"mec-event-time\"><i class=\"mec-sl-clock\"><\/i>15:00<\/div>\r\n                        <\/div>\r\n                        <div class=\"mec-event-content\" data-target=\"\" data-event-id=\"16547\">\r\n                            <a href=\"https:\/\/www.kirche-hettenhausen.de\/site\/events\/kaffee-und-mehr-6\/\" target=\"\" class=\"mec-tile-into-content-link\"><\/a>                            <div class=\"mec-tile-event-content\">\r\n                                <div class=\"mec-event-detail\">\r\n                                                                                                            <span class=\"mec-event-loc-place\"><i class=\"mec-sl-location-pin\"><\/i>Martin-Luther-Haus<\/span>                                                                    <\/div>\r\n                                                                <h4 class=\"mec-event-title\"><a class=\"mec-color-hover\" data-event-id=\"16547\" href=\"https:\/\/www.kirche-hettenhausen.de\/site\/events\/kaffee-und-mehr-6\/\" target=\"_self\" rel=\"noopener\">Kaffee und mehr&#8230;<\/a><\/h4>\r\n                                                            <\/div>\r\n                        <\/div>\r\n                    <\/article>\r\n                <\/div>                    <div class=\"col-md-4 col-sm-4\">                    <article  data-href=\"https:\/\/www.kirche-hettenhausen.de\/site\/events\/open-air-gottesdienst-christi-himmelfahrt-5\/\" data-target=\"\" style=\"background:#e14d43 url('https:\/\/www.kirche-hettenhausen.de\/site\/wp-content\/uploads\/2021\/02\/Gersfeld_Rommers_Church_Ruin_Detail_d_1-300x400.jpg')\" class=\"  mec-event-article mec-tile-item  mec-clear  \">\r\n                                                                        <div class=\"event-tile-view-head clearfix\">\r\n                                                            <div class=\"mec-event-month\"><span class=\"mec-start-date-label\">14 Mai<\/span><\/div>\r\n                                                        <div class=\"mec-event-time\"><i class=\"mec-sl-clock\"><\/i>11:00<\/div>\r\n                        <\/div>\r\n                        <div class=\"mec-event-content\" data-target=\"\" data-event-id=\"17161\">\r\n                            <a href=\"https:\/\/www.kirche-hettenhausen.de\/site\/events\/open-air-gottesdienst-christi-himmelfahrt-5\/\" target=\"\" class=\"mec-tile-into-content-link\"><\/a>                            <div class=\"mec-tile-event-content\">\r\n                                <div class=\"mec-event-detail\">\r\n                                                                                                            <span class=\"mec-event-loc-place\"><i class=\"mec-sl-location-pin\"><\/i>Ausgrabungskirche Rommers<\/span>                                                                    <\/div>\r\n                                                                <h4 class=\"mec-event-title\"><a class=\"mec-color-hover\" data-event-id=\"17161\" href=\"https:\/\/www.kirche-hettenhausen.de\/site\/events\/open-air-gottesdienst-christi-himmelfahrt-5\/\" target=\"_self\" rel=\"noopener\">Open-Air-Gottesdienst &#8222;Christi Himmelfahrt&#8220;<\/a><\/h4>\r\n                                                            <\/div>\r\n                        <\/div>\r\n                    <\/article>\r\n                <\/div><\/div>                    <div class=\"row\"><div class=\"col-md-4 col-sm-4\">                    <article  data-href=\"https:\/\/www.kirche-hettenhausen.de\/site\/events\/kindergottesdienst-90\/\" data-target=\"\" style=\"background:#a3b745 url('https:\/\/www.kirche-hettenhausen.de\/site\/wp-content\/uploads\/2021\/02\/Logo-Kirche-mit-Kindern_1.jpg')\" class=\"  mec-event-article mec-tile-item  mec-clear  \">\r\n                                                                        <div class=\"event-tile-view-head clearfix\">\r\n                                                            <div class=\"mec-event-month\"><span class=\"mec-start-date-label\">17 Mai<\/span><\/div>\r\n                                                        <div class=\"mec-event-time\"><i class=\"mec-sl-clock\"><\/i>10:30<\/div>\r\n                        <\/div>\r\n                        <div class=\"mec-event-content\" data-target=\"\" data-event-id=\"17137\">\r\n                            <a href=\"https:\/\/www.kirche-hettenhausen.de\/site\/events\/kindergottesdienst-90\/\" target=\"\" class=\"mec-tile-into-content-link\"><\/a>                            <div class=\"mec-tile-event-content\">\r\n                                <div class=\"mec-event-detail\">\r\n                                                                                                            <span class=\"mec-event-loc-place\"><i class=\"mec-sl-location-pin\"><\/i>Martin-Luther-Haus<\/span>                                                                    <\/div>\r\n                                                                <h4 class=\"mec-event-title\"><a class=\"mec-color-hover\" data-event-id=\"17137\" href=\"https:\/\/www.kirche-hettenhausen.de\/site\/events\/kindergottesdienst-90\/\" target=\"_self\" rel=\"noopener\">Kindergottesdienst<\/a><\/h4>\r\n                                                            <\/div>\r\n                        <\/div>\r\n                    <\/article>\r\n                <\/div>            <div class=\"col-md-4 col-sm-4\">                    <article  data-href=\"https:\/\/www.kirche-hettenhausen.de\/site\/events\/gottesdienst-zur-silbernen-konfirmation-mit-abendmahl-exaudi-5\/\" data-target=\"\" style=\"background:#a3b745 url('https:\/\/www.kirche-hettenhausen.de\/site\/wp-content\/uploads\/2020\/05\/DSC01231_1.jpg')\" class=\"  mec-event-article mec-tile-item  mec-clear  \">\r\n                                                                        <div class=\"event-tile-view-head clearfix\">\r\n                                                            <div class=\"mec-event-month\"><span class=\"mec-start-date-label\">17 Mai<\/span><\/div>\r\n                                                        <div class=\"mec-event-time\"><i class=\"mec-sl-clock\"><\/i>10:30<\/div>\r\n                        <\/div>\r\n                        <div class=\"mec-event-content\" data-target=\"\" data-event-id=\"17163\">\r\n                            <a href=\"https:\/\/www.kirche-hettenhausen.de\/site\/events\/gottesdienst-zur-silbernen-konfirmation-mit-abendmahl-exaudi-5\/\" target=\"\" class=\"mec-tile-into-content-link\"><\/a>                            <div class=\"mec-tile-event-content\">\r\n                                <div class=\"mec-event-detail\">\r\n                                                                                                            <span class=\"mec-event-loc-place\"><i class=\"mec-sl-location-pin\"><\/i>Kirche St. Georg Hettenhausen<\/span>                                                                    <\/div>\r\n                                                                <h4 class=\"mec-event-title\"><a class=\"mec-color-hover\" data-event-id=\"17163\" href=\"https:\/\/www.kirche-hettenhausen.de\/site\/events\/gottesdienst-zur-silbernen-konfirmation-mit-abendmahl-exaudi-5\/\" target=\"_self\" rel=\"noopener\">Gottesdienst zur Silbernen Konfirmation mit Abendmahl &#8222;Exaudi&#8220;<\/a><\/h4>\r\n                                                            <\/div>\r\n                        <\/div>\r\n                    <\/article>\r\n                <\/div>                    <div class=\"col-md-4 col-sm-4\">                    <article  data-href=\"https:\/\/www.kirche-hettenhausen.de\/site\/events\/frauentreff-34\/\" data-target=\"\" style=\"background:#dd823b url('https:\/\/www.kirche-hettenhausen.de\/site\/wp-content\/uploads\/2021\/02\/59659_bibelkreis_rgb-300x400.jpg')\" class=\"  mec-event-article mec-tile-item  mec-clear  \">\r\n                                                                        <div class=\"event-tile-view-head clearfix\">\r\n                                                            <div class=\"mec-event-month\"><span class=\"mec-start-date-label\">21 Mai<\/span><\/div>\r\n                                                        <div class=\"mec-event-time\"><i class=\"mec-sl-clock\"><\/i>15:00<\/div>\r\n                        <\/div>\r\n                        <div class=\"mec-event-content\" data-target=\"\" data-event-id=\"17020\">\r\n                            <a href=\"https:\/\/www.kirche-hettenhausen.de\/site\/events\/frauentreff-34\/\" target=\"\" class=\"mec-tile-into-content-link\"><\/a>                            <div class=\"mec-tile-event-content\">\r\n                                <div class=\"mec-event-detail\">\r\n                                                                                                            <span class=\"mec-event-loc-place\"><i class=\"mec-sl-location-pin\"><\/i>Martin-Luther-Haus<\/span>                                                                    <\/div>\r\n                                                                <h4 class=\"mec-event-title\"><a class=\"mec-color-hover\" data-event-id=\"17020\" href=\"https:\/\/www.kirche-hettenhausen.de\/site\/events\/frauentreff-34\/\" target=\"_self\" rel=\"noopener\">Frauentreff<\/a><\/h4>\r\n                                                            <\/div>\r\n                        <\/div>\r\n                    <\/article>\r\n                <\/div><\/div>                    <div class=\"row\"><div class=\"col-md-4 col-sm-4\">                    <article  data-href=\"https:\/\/www.kirche-hettenhausen.de\/site\/events\/festgottesdienst-pfingstsonntag\/\" data-target=\"\" style=\"background:#fdd700 url('https:\/\/www.kirche-hettenhausen.de\/site\/wp-content\/uploads\/2021\/01\/Kirche-Dalherda-Altar-Pfingsten-2020.jpg')\" class=\"  mec-event-article mec-tile-item  mec-clear  \">\r\n                                                                        <div class=\"event-tile-view-head clearfix\">\r\n                                                            <div class=\"mec-event-month\"><span class=\"mec-start-date-label\">24 Mai<\/span><\/div>\r\n                                                        <div class=\"mec-event-time\"><i class=\"mec-sl-clock\"><\/i>10:30<\/div>\r\n                        <\/div>\r\n                        <div class=\"mec-event-content\" data-target=\"\" data-event-id=\"17164\">\r\n                            <a href=\"https:\/\/www.kirche-hettenhausen.de\/site\/events\/festgottesdienst-pfingstsonntag\/\" target=\"\" class=\"mec-tile-into-content-link\"><\/a>                            <div class=\"mec-tile-event-content\">\r\n                                <div class=\"mec-event-detail\">\r\n                                                                                                            <span class=\"mec-event-loc-place\"><i class=\"mec-sl-location-pin\"><\/i>Kirche Dalherda<\/span>                                                                    <\/div>\r\n                                                                <h4 class=\"mec-event-title\"><a class=\"mec-color-hover\" data-event-id=\"17164\" href=\"https:\/\/www.kirche-hettenhausen.de\/site\/events\/festgottesdienst-pfingstsonntag\/\" target=\"_self\" rel=\"noopener\">Festgottesdienst &#8222;Pfingstsonntag&#8220;<\/a><\/h4>\r\n                                                            <\/div>\r\n                        <\/div>\r\n                    <\/article>\r\n                <\/div>                    <div class=\"col-md-4 col-sm-4\">                    <article  data-href=\"https:\/\/www.kirche-hettenhausen.de\/site\/events\/gottesdienst-pfingstmontag\/\" data-target=\"\" style=\"background:#a3b745 url('https:\/\/www.kirche-hettenhausen.de\/site\/wp-content\/uploads\/2018\/05\/SAM_1546_2.jpg')\" class=\"  mec-event-article mec-tile-item  mec-clear  \">\r\n                                                                        <div class=\"event-tile-view-head clearfix\">\r\n                                                            <div class=\"mec-event-month\"><span class=\"mec-start-date-label\">25 Mai<\/span><\/div>\r\n                                                        <div class=\"mec-event-time\"><i class=\"mec-sl-clock\"><\/i>09:00<\/div>\r\n                        <\/div>\r\n                        <div class=\"mec-event-content\" data-target=\"\" data-event-id=\"17165\">\r\n                            <a href=\"https:\/\/www.kirche-hettenhausen.de\/site\/events\/gottesdienst-pfingstmontag\/\" target=\"\" class=\"mec-tile-into-content-link\"><\/a>                            <div class=\"mec-tile-event-content\">\r\n                                <div class=\"mec-event-detail\">\r\n                                                                                                            <span class=\"mec-event-loc-place\"><i class=\"mec-sl-location-pin\"><\/i>Kirche St. Georg Hettenhausen<\/span>                                                                    <\/div>\r\n                                                                <h4 class=\"mec-event-title\"><a class=\"mec-color-hover\" data-event-id=\"17165\" href=\"https:\/\/www.kirche-hettenhausen.de\/site\/events\/gottesdienst-pfingstmontag\/\" target=\"_self\" rel=\"noopener\">Gottesdienst &#8222;Pfingstmontag&#8220;<\/a><\/h4>\r\n                                                            <\/div>\r\n                        <\/div>\r\n                    <\/article>\r\n                <\/div>                    <div class=\"col-md-4 col-sm-4\">                    <article  data-href=\"https:\/\/www.kirche-hettenhausen.de\/site\/events\/kindergottesdienst-91\/\" data-target=\"\" style=\"background:#a3b745 url('https:\/\/www.kirche-hettenhausen.de\/site\/wp-content\/uploads\/2021\/02\/Logo-Kirche-mit-Kindern_1.jpg')\" class=\"  mec-event-article mec-tile-item  mec-clear  \">\r\n                                                                        <div class=\"event-tile-view-head clearfix\">\r\n                                                            <div class=\"mec-event-month\"><span class=\"mec-start-date-label\">31 Mai<\/span><\/div>\r\n                                                        <div class=\"mec-event-time\"><i class=\"mec-sl-clock\"><\/i>10:30<\/div>\r\n                        <\/div>\r\n                        <div class=\"mec-event-content\" data-target=\"\" data-event-id=\"17138\">\r\n                            <a href=\"https:\/\/www.kirche-hettenhausen.de\/site\/events\/kindergottesdienst-91\/\" target=\"\" class=\"mec-tile-into-content-link\"><\/a>                            <div class=\"mec-tile-event-content\">\r\n                                <div class=\"mec-event-detail\">\r\n                                                                                                            <span class=\"mec-event-loc-place\"><i class=\"mec-sl-location-pin\"><\/i>Martin-Luther-Haus<\/span>                                                                    <\/div>\r\n                                                                <h4 class=\"mec-event-title\"><a class=\"mec-color-hover\" data-event-id=\"17138\" href=\"https:\/\/www.kirche-hettenhausen.de\/site\/events\/kindergottesdienst-91\/\" target=\"_self\" rel=\"noopener\">Kindergottesdienst<\/a><\/h4>\r\n                                                            <\/div>\r\n                        <\/div>\r\n                    <\/article>\r\n                <\/div><\/div>                        <\/div>\r\n    <\/div><\/div>\r\n                                    <\/div>\r\n\r\n                            <\/div>\r\n        <\/div>\r\n    <\/div>\r\n\r\n    \r\n<\/div>\r\n\n<p>&nbsp;<\/p>\n<div id=\"mec_skin_7575\" class=\"mec-wrap colorskin-custom  \">\r\n\r\n    <form id=\"mec_search_form_7575\" class=\"mec-search-form mec-totalcal-box mec-dropdown-classic\" autocomplete=\"off\"><div class=\"mec-dropdown-wrap\" ><div class=\"mec-dropdown-search\"><i class=\"mec-sl-folder\"><\/i><select  name=' ' id='mec_sf_category_7575' class='postform'>\n\t<option value='' selected='selected'>Kategorie<\/option>\n\t<option class=\"level-0\" value=\"116\">Frauentreff<\/option>\n\t<option class=\"level-0\" value=\"109\">Gottesdienst<\/option>\n\t<option class=\"level-1\" value=\"114\">&nbsp;&nbsp;&nbsp;Gottesdienst Dalherda<\/option>\n\t<option class=\"level-2\" value=\"187\">&nbsp;&nbsp;&nbsp;&nbsp;&nbsp;&nbsp;Kinderkirche Dalherda<\/option>\n\t<option class=\"level-1\" value=\"113\">&nbsp;&nbsp;&nbsp;Gottesdienst Hettenhausen<\/option>\n\t<option class=\"level-2\" value=\"117\">&nbsp;&nbsp;&nbsp;&nbsp;&nbsp;&nbsp;Kindergottesdienst Hettenhausen<\/option>\n\t<option class=\"level-1\" value=\"115\">&nbsp;&nbsp;&nbsp;Gottesdienst Poppenhausen<\/option>\n\t<option class=\"level-0\" value=\"121\">IT\/\u00d6ffentlichkeitsarbeit<\/option>\n\t<option class=\"level-0\" value=\"141\">Kindergarten<\/option>\n\t<option class=\"level-0\" value=\"118\">Kirchen-Kurier<\/option>\n\t<option class=\"level-0\" value=\"111\">Kirchenchor<\/option>\n\t<option class=\"level-0\" value=\"119\">Kirchenvorstand<\/option>\n\t<option class=\"level-0\" value=\"140\">Kleiderbasar<\/option>\n\t<option class=\"level-0\" value=\"110\">Konfirmandenunterricht<\/option>\n\t<option class=\"level-0\" value=\"122\">Krabbeltreff<\/option>\n\t<option class=\"level-0\" value=\"112\">Kreis f\u00fcr Gemeindearbeit<\/option>\n\t<option class=\"level-0\" value=\"202\">Landesgartenschau 2023<\/option>\n\t<option class=\"level-0\" value=\"120\">Orgelprojekt St. Georg<\/option>\n\t<option class=\"level-0\" value=\"123\">Quellenkinder<\/option>\n\t<option class=\"level-0\" value=\"189\">Seniorentreff Dalherda<\/option>\n\t<option class=\"level-0\" value=\"139\">Veranstaltungen\/Feste<\/option>\n<\/select>\n<\/div><\/div><div class=\"mec-text-input-search\"><i class=\"mec-sl-magnifier\"><\/i>\r\n                    <input type=\"search\" value=\"\" id=\"mec_sf_s_7575\" placeholder=\"\" title=\"\" \/>\r\n                <\/div><\/form>\r\n    <div class=\"mec-calendar mec-box-calendar\" id=\"mec_skin_events_7575_full\">\r\n        <div class=\"mec-calendar-topsec\">        <div class=\"mec-calendar-side mec-clear\">\r\n                        <div class=\"mec-skin-monthly-view-month-navigator-container\">\r\n                <div class=\"mec-month-navigator\" id=\"mec_month_navigator_7575_202605\"><div class=\"mec-previous-month mec-load-month mec-previous-month\" data-mec-year=\"2026\" data-mec-month=\"04\"><a href=\"#\" class=\"mec-load-month-link\"><i class=\"mec-sl-angle-left\"><\/i> April<\/a><\/div><div class=\"mec-calendar-header\"><h2>Mai 2026<\/h2><\/div><div class=\"mec-next-month mec-load-month mec-next-month\" data-mec-year=\"2026\" data-mec-month=\"06\"><a href=\"#\" class=\"mec-load-month-link\">Juni <i class=\"mec-sl-angle-right\"><\/i><\/a><\/div><\/div>\r\n            <\/div>\r\n            \r\n            <div class=\"mec-calendar-table\" id=\"mec_skin_events_7575\">\r\n                <div class=\"mec-month-container mec-month-container-selected\" id=\"mec_monthly_view_month_7575_202605\" data-month-id=\"202605\"><dl class=\"mec-calendar-table-head\"><dt class=\"mec-calendar-day-head\">MO<\/dt><dt class=\"mec-calendar-day-head\">DI<\/dt><dt class=\"mec-calendar-day-head\">MI<\/dt><dt class=\"mec-calendar-day-head\">DO<\/dt><dt class=\"mec-calendar-day-head\">FR<\/dt><dt class=\"mec-calendar-day-head\">SA<\/dt><dt class=\"mec-calendar-day-head\">SO<\/dt><\/dl><dl class=\"mec-calendar-row\">\r\n    <dt class=\"mec-table-nullday\">27<\/dt><dt class=\"mec-table-nullday\">28<\/dt><dt class=\"mec-table-nullday\">29<\/dt><dt class=\"mec-table-nullday\">30<\/dt><dt class=\"mec-calendar-day  mec-selected-day\" data-mec-cell=\"20260501\" data-day=\"1\" data-month=\"202605\">1<\/dt><\/dt><dt class=\"mec-calendar-day \" data-mec-cell=\"20260502\" data-day=\"2\" data-month=\"202605\">2<\/dt><\/dt><dt class=\"mec-calendar-day mec-has-event \" data-mec-cell=\"20260503\" data-day=\"3\" data-month=\"202605\"><a href=\"#\" class=\"mec-has-event-a\">3<\/a><\/dt><\/dt><\/dl><dl class=\"mec-calendar-row\"><dt class=\"mec-calendar-day \" data-mec-cell=\"20260504\" data-day=\"4\" data-month=\"202605\">4<\/dt><\/dt><dt class=\"mec-calendar-day \" data-mec-cell=\"20260505\" data-day=\"5\" data-month=\"202605\">5<\/dt><\/dt><dt class=\"mec-calendar-day mec-has-event \" data-mec-cell=\"20260506\" data-day=\"6\" data-month=\"202605\"><a href=\"#\" class=\"mec-has-event-a\">6<\/a><\/dt><\/dt><dt class=\"mec-calendar-day mec-has-event \" data-mec-cell=\"20260507\" data-day=\"7\" data-month=\"202605\"><a href=\"#\" class=\"mec-has-event-a\">7<\/a><\/dt><\/dt><dt class=\"mec-calendar-day mec-has-event \" data-mec-cell=\"20260508\" data-day=\"8\" data-month=\"202605\"><a href=\"#\" class=\"mec-has-event-a\">8<\/a><\/dt><\/dt><dt class=\"mec-calendar-day \" data-mec-cell=\"20260509\" data-day=\"9\" data-month=\"202605\">9<\/dt><\/dt><dt class=\"mec-calendar-day mec-has-event \" data-mec-cell=\"20260510\" data-day=\"10\" data-month=\"202605\"><a href=\"#\" class=\"mec-has-event-a\">10<\/a><\/dt><\/dt><\/dl><dl class=\"mec-calendar-row\"><dt class=\"mec-calendar-day \" data-mec-cell=\"20260511\" data-day=\"11\" data-month=\"202605\">11<\/dt><\/dt><dt class=\"mec-calendar-day mec-has-event \" data-mec-cell=\"20260512\" data-day=\"12\" data-month=\"202605\"><a href=\"#\" class=\"mec-has-event-a\">12<\/a><\/dt><\/dt><dt class=\"mec-calendar-day mec-has-event \" data-mec-cell=\"20260513\" data-day=\"13\" data-month=\"202605\"><a href=\"#\" class=\"mec-has-event-a\">13<\/a><\/dt><\/dt><dt class=\"mec-calendar-day mec-has-event \" data-mec-cell=\"20260514\" data-day=\"14\" data-month=\"202605\"><a href=\"#\" class=\"mec-has-event-a\">14<\/a><\/dt><\/dt><dt class=\"mec-calendar-day \" data-mec-cell=\"20260515\" data-day=\"15\" data-month=\"202605\">15<\/dt><\/dt><dt class=\"mec-calendar-day \" data-mec-cell=\"20260516\" data-day=\"16\" data-month=\"202605\">16<\/dt><\/dt><dt class=\"mec-calendar-day mec-has-event \" data-mec-cell=\"20260517\" data-day=\"17\" data-month=\"202605\"><a href=\"#\" class=\"mec-has-event-a\">17<\/a><\/dt><\/dt><\/dl><dl class=\"mec-calendar-row\"><dt class=\"mec-calendar-day \" data-mec-cell=\"20260518\" data-day=\"18\" data-month=\"202605\">18<\/dt><\/dt><dt class=\"mec-calendar-day \" data-mec-cell=\"20260519\" data-day=\"19\" data-month=\"202605\">19<\/dt><\/dt><dt class=\"mec-calendar-day \" data-mec-cell=\"20260520\" data-day=\"20\" data-month=\"202605\">20<\/dt><\/dt><dt class=\"mec-calendar-day mec-has-event \" data-mec-cell=\"20260521\" data-day=\"21\" data-month=\"202605\"><a href=\"#\" class=\"mec-has-event-a\">21<\/a><\/dt><\/dt><dt class=\"mec-calendar-day \" data-mec-cell=\"20260522\" data-day=\"22\" data-month=\"202605\">22<\/dt><\/dt><dt class=\"mec-calendar-day \" data-mec-cell=\"20260523\" data-day=\"23\" data-month=\"202605\">23<\/dt><\/dt><dt class=\"mec-calendar-day mec-has-event \" data-mec-cell=\"20260524\" data-day=\"24\" data-month=\"202605\"><a href=\"#\" class=\"mec-has-event-a\">24<\/a><\/dt><\/dt><\/dl><dl class=\"mec-calendar-row\"><dt class=\"mec-calendar-day mec-has-event \" data-mec-cell=\"20260525\" data-day=\"25\" data-month=\"202605\"><a href=\"#\" class=\"mec-has-event-a\">25<\/a><\/dt><\/dt><dt class=\"mec-calendar-day \" data-mec-cell=\"20260526\" data-day=\"26\" data-month=\"202605\">26<\/dt><\/dt><dt class=\"mec-calendar-day \" data-mec-cell=\"20260527\" data-day=\"27\" data-month=\"202605\">27<\/dt><\/dt><dt class=\"mec-calendar-day \" data-mec-cell=\"20260528\" data-day=\"28\" data-month=\"202605\">28<\/dt><\/dt><dt class=\"mec-calendar-day \" data-mec-cell=\"20260529\" data-day=\"29\" data-month=\"202605\">29<\/dt><\/dt><dt class=\"mec-calendar-day \" data-mec-cell=\"20260530\" data-day=\"30\" data-month=\"202605\">30<\/dt><\/dt><dt class=\"mec-calendar-day mec-has-event \" data-mec-cell=\"20260531\" data-day=\"31\" data-month=\"202605\"><a href=\"#\" class=\"mec-has-event-a\">31<\/a><\/dt><\/dt><\/dl><dl class=\"mec-calendar-row\"><\/dl>\r\n<\/div>\r\n            <\/div>\r\n\r\n                    <\/div>\r\n        <div class=\"mec-calendar-events-side mec-clear\"><div class=\"mec-month-side\" id=\"mec_month_side_7575_202605\"><div class=\"mec-calendar-events-sec\" id=\"mec-calendar-events-sec-7575-20260501\" data-mec-cell=\"20260501\"  style=\"display: block;\"><h6 class=\"mec-table-side-title\">Veranstaltungen am <span class=\"mec-color mec-table-side-day\"> 1st<\/span> Mai<\/h6><article class=\"mec-event-article\"><div class=\"mec-event-detail\">Keine Veranstaltungen<\/div><\/article><\/div><div class=\"mec-calendar-events-sec\" id=\"mec-calendar-events-sec-7575-20260502\" data-mec-cell=\"20260502\" ><h6 class=\"mec-table-side-title\">Veranstaltungen am <span class=\"mec-color mec-table-side-day\"> 2nd<\/span> Mai<\/h6><article class=\"mec-event-article\"><div class=\"mec-event-detail\">Keine Veranstaltungen<\/div><\/article><\/div><div class=\"mec-calendar-events-sec\" id=\"mec-calendar-events-sec-7575-20260503\" data-mec-cell=\"20260503\" ><h6 class=\"mec-table-side-title\">Veranstaltungen am <span class=\"mec-color mec-table-side-day\"> 3rd<\/span> Mai<\/h6><article class=\"mec-event-article \"><div class=\"mec-event-image\"><img loading=\"lazy\" decoding=\"async\" width=\"300\" height=\"300\" src=\"https:\/\/www.kirche-hettenhausen.de\/site\/wp-content\/uploads\/2022\/05\/20220515_124119-300x300.jpg\" class=\"attachment-thumblist size-thumblist wp-post-image\" alt=\"Altarschmuck\" data-mec-postid=\"17122\" \/><\/div><div class=\"mec-monthly-contents\" style=\"width: calc(100% - 85px)\"><div class=\"mec-event-time mec-color\"><i class=\"mec-sl-clock-o\"><\/i> 10:00 - 11:30<\/div><h4 class=\"mec-event-title\"><a class=\"mec-color-hover\" data-event-id=\"17122\" href=\"https:\/\/www.kirche-hettenhausen.de\/site\/events\/gottesdienst-zur-jubilaeumskonfirmation-mit-abendmahl-kantate-5\/\" target=\"_self\" rel=\"noopener\">Gottesdienst zur Jubil\u00e4umskonfirmation mit Abendmahl &#8222;Kantate&#8220;<\/a><span class=\"event-color\" style=\"background: #a3b745\"><\/span><\/h4><div class=\"mec-event-detail\">\r\n                        <div class=\"mec-event-loc-place\">Kirche St. Georg Hettenhausen<\/div>\r\n                        \r\n                    <\/div><\/div><div style=\"clear:both\"><\/div><\/article><\/div><div class=\"mec-calendar-events-sec\" id=\"mec-calendar-events-sec-7575-20260504\" data-mec-cell=\"20260504\" ><h6 class=\"mec-table-side-title\">Veranstaltungen am <span class=\"mec-color mec-table-side-day\"> 4th<\/span> Mai<\/h6><article class=\"mec-event-article\"><div class=\"mec-event-detail\">Keine Veranstaltungen<\/div><\/article><\/div><div class=\"mec-calendar-events-sec\" id=\"mec-calendar-events-sec-7575-20260505\" data-mec-cell=\"20260505\" ><h6 class=\"mec-table-side-title\">Veranstaltungen am <span class=\"mec-color mec-table-side-day\"> 5th<\/span> Mai<\/h6><article class=\"mec-event-article\"><div class=\"mec-event-detail\">Keine Veranstaltungen<\/div><\/article><\/div><div class=\"mec-calendar-events-sec\" id=\"mec-calendar-events-sec-7575-20260506\" data-mec-cell=\"20260506\" ><h6 class=\"mec-table-side-title\">Veranstaltungen am <span class=\"mec-color mec-table-side-day\"> 6th<\/span> Mai<\/h6><article class=\"mec-event-article \"><div class=\"mec-event-image\"><img loading=\"lazy\" decoding=\"async\" width=\"300\" height=\"300\" src=\"https:\/\/www.kirche-hettenhausen.de\/site\/wp-content\/uploads\/2026\/01\/Gemeinde-Kreativ-300x300.jpg\" class=\"attachment-thumblist size-thumblist wp-post-image\" alt=\"\u00c4bbes Feines\" data-mec-postid=\"17174\" \/><\/div><div class=\"mec-monthly-contents\" style=\"width: calc(100% - 85px)\"><div class=\"mec-event-time mec-color\"><i class=\"mec-sl-clock-o\"><\/i> 19:00 - 21:00<\/div><h4 class=\"mec-event-title\"><a class=\"mec-color-hover\" data-event-id=\"17174\" href=\"https:\/\/www.kirche-hettenhausen.de\/site\/events\/gemeinde-kreativ-8\/\" target=\"_self\" rel=\"noopener\">Gemeinde Kreativ<\/a><span class=\"event-color\" style=\"background: #e14d43\"><\/span><\/h4><div class=\"mec-event-detail\">\r\n                        <div class=\"mec-event-loc-place\">Martin-Luther-Haus<\/div>\r\n                        \r\n                    <\/div><\/div><div style=\"clear:both\"><\/div><\/article><\/div><div class=\"mec-calendar-events-sec\" id=\"mec-calendar-events-sec-7575-20260507\" data-mec-cell=\"20260507\" ><h6 class=\"mec-table-side-title\">Veranstaltungen am <span class=\"mec-color mec-table-side-day\"> 7th<\/span> Mai<\/h6><article class=\"mec-event-article \"><div class=\"mec-event-image\"><img loading=\"lazy\" decoding=\"async\" width=\"300\" height=\"300\" src=\"https:\/\/www.kirche-hettenhausen.de\/site\/wp-content\/uploads\/2021\/02\/59659_bibelkreis_rgb-300x300.jpg\" class=\"attachment-thumblist size-thumblist wp-post-image\" alt=\"\" data-mec-postid=\"17019\" \/><\/div><div class=\"mec-monthly-contents\" style=\"width: calc(100% - 85px)\"><div class=\"mec-event-time mec-color\"><i class=\"mec-sl-clock-o\"><\/i> 15:00<\/div><h4 class=\"mec-event-title\"><a class=\"mec-color-hover\" data-event-id=\"17019\" href=\"https:\/\/www.kirche-hettenhausen.de\/site\/events\/frauentreff-33\/\" target=\"_self\" rel=\"noopener\">Frauentreff<\/a><span class=\"event-color\" style=\"background: #dd823b\"><\/span><\/h4><div class=\"mec-event-detail\">\r\n                        <div class=\"mec-event-loc-place\">Martin-Luther-Haus<\/div>\r\n                        \r\n                    <\/div><\/div><div style=\"clear:both\"><\/div><\/article><\/div><div class=\"mec-calendar-events-sec\" id=\"mec-calendar-events-sec-7575-20260508\" data-mec-cell=\"20260508\" ><h6 class=\"mec-table-side-title\">Veranstaltungen am <span class=\"mec-color mec-table-side-day\"> 8th<\/span> Mai<\/h6><article class=\"mec-event-article \"><div class=\"mec-event-image\"><img loading=\"lazy\" decoding=\"async\" width=\"300\" height=\"300\" src=\"https:\/\/www.kirche-hettenhausen.de\/site\/wp-content\/uploads\/2021\/03\/Seniorentreff-300x300-1-300x300.png\" class=\"attachment-thumblist size-thumblist wp-post-image\" alt=\"\" data-mec-postid=\"17063\" \/><\/div><div class=\"mec-monthly-contents\" style=\"width: calc(100% - 85px)\"><div class=\"mec-event-time mec-color\"><i class=\"mec-sl-clock-o\"><\/i> 10:30 - 11:30<\/div><h4 class=\"mec-event-title\"><a class=\"mec-color-hover\" data-event-id=\"17063\" href=\"https:\/\/www.kirche-hettenhausen.de\/site\/events\/gottesdienst-im-bruder-konrad-heim-10\/\" target=\"_self\" rel=\"noopener\">Gottesdienst im Bruder-Konrad-Heim<\/a><span class=\"event-color\" style=\"background: #e14d43\"><\/span><\/h4><div class=\"mec-event-detail\">\r\n                        <div class=\"mec-event-loc-place\">Seniorenzentrum &quot;Bruder Konrad&quot; Weyhers<\/div>\r\n                        \r\n                    <\/div><\/div><div style=\"clear:both\"><\/div><\/article><article class=\"mec-event-article \"><div class=\"mec-event-image\"><img loading=\"lazy\" decoding=\"async\" width=\"300\" height=\"300\" src=\"https:\/\/www.kirche-hettenhausen.de\/site\/wp-content\/uploads\/2026\/04\/Plakat_Flyer2026_05_Biergarten-300x300.jpg\" class=\"attachment-thumblist size-thumblist wp-post-image\" alt=\"\" data-mec-postid=\"16984\" \/><\/div><div class=\"mec-monthly-contents\" style=\"width: calc(100% - 85px)\"><div class=\"mec-event-time mec-color\"><i class=\"mec-sl-clock-o\"><\/i> 17:00<\/div><h4 class=\"mec-event-title\"><a class=\"mec-color-hover\" data-event-id=\"16984\" href=\"https:\/\/www.kirche-hettenhausen.de\/site\/events\/biergarten-im-pfarrgarten-7\/\" target=\"_self\" rel=\"noopener\">Biergarten im Pfarrgarten<\/a><span class=\"event-color\" style=\"background: #e14d43\"><\/span><\/h4><div class=\"mec-event-detail\">\r\n                        <div class=\"mec-event-loc-place\">Pfarrgarten Hettenhausen<\/div>\r\n                        \r\n                    <\/div><\/div><div style=\"clear:both\"><\/div><\/article><\/div><div class=\"mec-calendar-events-sec\" id=\"mec-calendar-events-sec-7575-20260509\" data-mec-cell=\"20260509\" ><h6 class=\"mec-table-side-title\">Veranstaltungen am <span class=\"mec-color mec-table-side-day\"> 9th<\/span> Mai<\/h6><article class=\"mec-event-article\"><div class=\"mec-event-detail\">Keine Veranstaltungen<\/div><\/article><\/div><div class=\"mec-calendar-events-sec\" id=\"mec-calendar-events-sec-7575-20260510\" data-mec-cell=\"20260510\" ><h6 class=\"mec-table-side-title\">Veranstaltungen am <span class=\"mec-color mec-table-side-day\"> 10th<\/span> Mai<\/h6><article class=\"mec-event-article \"><div class=\"mec-event-image\"><img loading=\"lazy\" decoding=\"async\" width=\"300\" height=\"245\" src=\"https:\/\/www.kirche-hettenhausen.de\/site\/wp-content\/uploads\/2021\/01\/Melanchthonhaus-Poppenhausen_3.jpg\" class=\"attachment-thumblist size-thumblist wp-post-image\" alt=\"Melanchthonhaus Glockenturm\" data-mec-postid=\"17160\" \/><\/div><div class=\"mec-monthly-contents\" style=\"width: calc(100% - 85px)\"><div class=\"mec-event-time mec-color\"><i class=\"mec-sl-clock-o\"><\/i> 10:30 - 11:30<\/div><h4 class=\"mec-event-title\"><a class=\"mec-color-hover\" data-event-id=\"17160\" href=\"https:\/\/www.kirche-hettenhausen.de\/site\/events\/gottesdienst-rogate-4\/\" target=\"_self\" rel=\"noopener\">Gottesdienst &#8222;Rogate&#8220;<\/a><span class=\"event-color\" style=\"background: #00a0d2\"><\/span><\/h4><div class=\"mec-event-detail\">\r\n                        <div class=\"mec-event-loc-place\">Melanchthonhaus Poppenhausen<\/div>\r\n                        \r\n                    <\/div><\/div><div style=\"clear:both\"><\/div><\/article><\/div><div class=\"mec-calendar-events-sec\" id=\"mec-calendar-events-sec-7575-20260511\" data-mec-cell=\"20260511\" ><h6 class=\"mec-table-side-title\">Veranstaltungen am <span class=\"mec-color mec-table-side-day\"> 11th<\/span> Mai<\/h6><article class=\"mec-event-article\"><div class=\"mec-event-detail\">Keine Veranstaltungen<\/div><\/article><\/div><div class=\"mec-calendar-events-sec\" id=\"mec-calendar-events-sec-7575-20260512\" data-mec-cell=\"20260512\" ><h6 class=\"mec-table-side-title\">Veranstaltungen am <span class=\"mec-color mec-table-side-day\"> 12th<\/span> Mai<\/h6><article class=\"mec-event-article \"><div class=\"mec-event-image\"><img loading=\"lazy\" decoding=\"async\" width=\"300\" height=\"300\" src=\"https:\/\/www.kirche-hettenhausen.de\/site\/wp-content\/uploads\/2021\/03\/Pfarramt-300x300-1-300x300.png\" class=\"attachment-thumblist size-thumblist wp-post-image\" alt=\"\" data-mec-postid=\"17356\" \/><\/div><div class=\"mec-monthly-contents\" style=\"width: calc(100% - 85px)\"><div class=\"mec-event-time mec-color\"><i class=\"mec-sl-clock-o\"><\/i> 18:00 - 20:00<\/div><h4 class=\"mec-event-title\"><a class=\"mec-color-hover\" data-event-id=\"17356\" href=\"https:\/\/www.kirche-hettenhausen.de\/site\/events\/workshop-churchdesk-fuer-anfaenger\/\" target=\"_self\" rel=\"noopener\">Workshop: ChurchDesk f\u00fcr Anf\u00e4nger<\/a><span class=\"event-color\" style=\"background: #e14d43\"><\/span><\/h4><div class=\"mec-event-detail\">\r\n                        <div class=\"mec-event-loc-place\">Haus Oranien<\/div>\r\n                        \r\n                    <\/div><\/div><div style=\"clear:both\"><\/div><\/article><\/div><div class=\"mec-calendar-events-sec\" id=\"mec-calendar-events-sec-7575-20260513\" data-mec-cell=\"20260513\" ><h6 class=\"mec-table-side-title\">Veranstaltungen am <span class=\"mec-color mec-table-side-day\"> 13th<\/span> Mai<\/h6><article class=\"mec-event-article \"><div class=\"mec-event-image\"><img loading=\"lazy\" decoding=\"async\" width=\"300\" height=\"200\" src=\"https:\/\/www.kirche-hettenhausen.de\/site\/wp-content\/uploads\/2018\/07\/strawberry-shortcake-3540625_1280.jpg\" class=\"attachment-thumblist size-thumblist wp-post-image\" alt=\"Kaffee Kuchen Gemeindecaf\u00e9\" data-mec-postid=\"16547\" \/><\/div><div class=\"mec-monthly-contents\" style=\"width: calc(100% - 85px)\"><div class=\"mec-event-time mec-color\"><i class=\"mec-sl-clock-o\"><\/i> 15:00 - 17:00<\/div><h4 class=\"mec-event-title\"><a class=\"mec-color-hover\" data-event-id=\"16547\" href=\"https:\/\/www.kirche-hettenhausen.de\/site\/events\/kaffee-und-mehr-6\/\" target=\"_self\" rel=\"noopener\">Kaffee und mehr&#8230;<\/a><span class=\"event-color\" style=\"background: #e14d43\"><\/span><\/h4><div class=\"mec-event-detail\">\r\n                        <div class=\"mec-event-loc-place\">Martin-Luther-Haus<\/div>\r\n                        \r\n                    <\/div><\/div><div style=\"clear:both\"><\/div><\/article><\/div><div class=\"mec-calendar-events-sec\" id=\"mec-calendar-events-sec-7575-20260514\" data-mec-cell=\"20260514\" ><h6 class=\"mec-table-side-title\">Veranstaltungen am <span class=\"mec-color mec-table-side-day\"> 14th<\/span> Mai<\/h6><article class=\"mec-event-article \"><div class=\"mec-event-image\"><img loading=\"lazy\" decoding=\"async\" width=\"300\" height=\"300\" src=\"https:\/\/www.kirche-hettenhausen.de\/site\/wp-content\/uploads\/2021\/02\/Gersfeld_Rommers_Church_Ruin_Detail_d_1-300x300.jpg\" class=\"attachment-thumblist size-thumblist wp-post-image\" alt=\"Ausgrabungskirche Rommers\" data-mec-postid=\"17161\" \/><\/div><div class=\"mec-monthly-contents\" style=\"width: calc(100% - 85px)\"><div class=\"mec-event-time mec-color\"><i class=\"mec-sl-clock-o\"><\/i> 11:00 - 12:00<\/div><h4 class=\"mec-event-title\"><a class=\"mec-color-hover\" data-event-id=\"17161\" href=\"https:\/\/www.kirche-hettenhausen.de\/site\/events\/open-air-gottesdienst-christi-himmelfahrt-5\/\" target=\"_self\" rel=\"noopener\">Open-Air-Gottesdienst &#8222;Christi Himmelfahrt&#8220;<\/a><span class=\"event-color\" style=\"background: #e14d43\"><\/span><\/h4><div class=\"mec-event-detail\">\r\n                        <div class=\"mec-event-loc-place\">Ausgrabungskirche Rommers<\/div>\r\n                        \r\n                    <\/div><\/div><div style=\"clear:both\"><\/div><\/article><\/div><div class=\"mec-calendar-events-sec\" id=\"mec-calendar-events-sec-7575-20260515\" data-mec-cell=\"20260515\" ><h6 class=\"mec-table-side-title\">Veranstaltungen am <span class=\"mec-color mec-table-side-day\"> 15th<\/span> Mai<\/h6><article class=\"mec-event-article\"><div class=\"mec-event-detail\">Keine Veranstaltungen<\/div><\/article><\/div><div class=\"mec-calendar-events-sec\" id=\"mec-calendar-events-sec-7575-20260516\" data-mec-cell=\"20260516\" ><h6 class=\"mec-table-side-title\">Veranstaltungen am <span class=\"mec-color mec-table-side-day\"> 16th<\/span> Mai<\/h6><article class=\"mec-event-article\"><div class=\"mec-event-detail\">Keine Veranstaltungen<\/div><\/article><\/div><div class=\"mec-calendar-events-sec\" id=\"mec-calendar-events-sec-7575-20260517\" data-mec-cell=\"20260517\" ><h6 class=\"mec-table-side-title\">Veranstaltungen am <span class=\"mec-color mec-table-side-day\"> 17th<\/span> Mai<\/h6><article class=\"mec-event-article \"><div class=\"mec-event-image\"><img loading=\"lazy\" decoding=\"async\" width=\"200\" height=\"264\" src=\"https:\/\/www.kirche-hettenhausen.de\/site\/wp-content\/uploads\/2021\/02\/Logo-Kirche-mit-Kindern_1.jpg\" class=\"attachment-thumblist size-thumblist wp-post-image\" alt=\"\" data-mec-postid=\"17137\" \/><\/div><div class=\"mec-monthly-contents\" style=\"width: calc(100% - 85px)\"><div class=\"mec-event-time mec-color\"><i class=\"mec-sl-clock-o\"><\/i> 10:30 - 11:30<\/div><h4 class=\"mec-event-title\"><a class=\"mec-color-hover\" data-event-id=\"17137\" href=\"https:\/\/www.kirche-hettenhausen.de\/site\/events\/kindergottesdienst-90\/\" target=\"_self\" rel=\"noopener\">Kindergottesdienst<\/a><span class=\"event-color\" style=\"background: #a3b745\"><\/span><\/h4><div class=\"mec-event-detail\">\r\n                        <div class=\"mec-event-loc-place\">Martin-Luther-Haus<\/div>\r\n                        \r\n                    <\/div><\/div><div style=\"clear:both\"><\/div><\/article><article class=\"mec-event-article \"><div class=\"mec-event-image\"><img loading=\"lazy\" decoding=\"async\" width=\"200\" height=\"300\" src=\"https:\/\/www.kirche-hettenhausen.de\/site\/wp-content\/uploads\/2020\/05\/DSC01231_1.jpg\" class=\"attachment-thumblist size-thumblist wp-post-image\" alt=\"Ev.-Luth. Pfarrkirche St. Georg Hettenhausen\" data-mec-postid=\"17163\" \/><\/div><div class=\"mec-monthly-contents\" style=\"width: calc(100% - 85px)\"><div class=\"mec-event-time mec-color\"><i class=\"mec-sl-clock-o\"><\/i> 10:30 - 11:30<\/div><h4 class=\"mec-event-title\"><a class=\"mec-color-hover\" data-event-id=\"17163\" href=\"https:\/\/www.kirche-hettenhausen.de\/site\/events\/gottesdienst-zur-silbernen-konfirmation-mit-abendmahl-exaudi-5\/\" target=\"_self\" rel=\"noopener\">Gottesdienst zur Silbernen Konfirmation mit Abendmahl &#8222;Exaudi&#8220;<\/a><span class=\"event-color\" style=\"background: #a3b745\"><\/span><\/h4><div class=\"mec-event-detail\">\r\n                        <div class=\"mec-event-loc-place\">Kirche St. Georg Hettenhausen<\/div>\r\n                        \r\n                    <\/div><\/div><div style=\"clear:both\"><\/div><\/article><\/div><div class=\"mec-calendar-events-sec\" id=\"mec-calendar-events-sec-7575-20260518\" data-mec-cell=\"20260518\" ><h6 class=\"mec-table-side-title\">Veranstaltungen am <span class=\"mec-color mec-table-side-day\"> 18th<\/span> Mai<\/h6><article class=\"mec-event-article\"><div class=\"mec-event-detail\">Keine Veranstaltungen<\/div><\/article><\/div><div class=\"mec-calendar-events-sec\" id=\"mec-calendar-events-sec-7575-20260519\" data-mec-cell=\"20260519\" ><h6 class=\"mec-table-side-title\">Veranstaltungen am <span class=\"mec-color mec-table-side-day\"> 19th<\/span> Mai<\/h6><article class=\"mec-event-article\"><div class=\"mec-event-detail\">Keine Veranstaltungen<\/div><\/article><\/div><div class=\"mec-calendar-events-sec\" id=\"mec-calendar-events-sec-7575-20260520\" data-mec-cell=\"20260520\" ><h6 class=\"mec-table-side-title\">Veranstaltungen am <span class=\"mec-color mec-table-side-day\"> 20th<\/span> Mai<\/h6><article class=\"mec-event-article\"><div class=\"mec-event-detail\">Keine Veranstaltungen<\/div><\/article><\/div><div class=\"mec-calendar-events-sec\" id=\"mec-calendar-events-sec-7575-20260521\" data-mec-cell=\"20260521\" ><h6 class=\"mec-table-side-title\">Veranstaltungen am <span class=\"mec-color mec-table-side-day\"> 21st<\/span> Mai<\/h6><article class=\"mec-event-article \"><div class=\"mec-event-image\"><img loading=\"lazy\" decoding=\"async\" width=\"300\" height=\"300\" src=\"https:\/\/www.kirche-hettenhausen.de\/site\/wp-content\/uploads\/2021\/02\/59659_bibelkreis_rgb-300x300.jpg\" class=\"attachment-thumblist size-thumblist wp-post-image\" alt=\"\" data-mec-postid=\"17020\" \/><\/div><div class=\"mec-monthly-contents\" style=\"width: calc(100% - 85px)\"><div class=\"mec-event-time mec-color\"><i class=\"mec-sl-clock-o\"><\/i> 15:00<\/div><h4 class=\"mec-event-title\"><a class=\"mec-color-hover\" data-event-id=\"17020\" href=\"https:\/\/www.kirche-hettenhausen.de\/site\/events\/frauentreff-34\/\" target=\"_self\" rel=\"noopener\">Frauentreff<\/a><span class=\"event-color\" style=\"background: #dd823b\"><\/span><\/h4><div class=\"mec-event-detail\">\r\n                        <div class=\"mec-event-loc-place\">Martin-Luther-Haus<\/div>\r\n                        \r\n                    <\/div><\/div><div style=\"clear:both\"><\/div><\/article><\/div><div class=\"mec-calendar-events-sec\" id=\"mec-calendar-events-sec-7575-20260522\" data-mec-cell=\"20260522\" ><h6 class=\"mec-table-side-title\">Veranstaltungen am <span class=\"mec-color mec-table-side-day\"> 22nd<\/span> Mai<\/h6><article class=\"mec-event-article\"><div class=\"mec-event-detail\">Keine Veranstaltungen<\/div><\/article><\/div><div class=\"mec-calendar-events-sec\" id=\"mec-calendar-events-sec-7575-20260523\" data-mec-cell=\"20260523\" ><h6 class=\"mec-table-side-title\">Veranstaltungen am <span class=\"mec-color mec-table-side-day\"> 23rd<\/span> Mai<\/h6><article class=\"mec-event-article\"><div class=\"mec-event-detail\">Keine Veranstaltungen<\/div><\/article><\/div><div class=\"mec-calendar-events-sec\" id=\"mec-calendar-events-sec-7575-20260524\" data-mec-cell=\"20260524\" ><h6 class=\"mec-table-side-title\">Veranstaltungen am <span class=\"mec-color mec-table-side-day\"> 24th<\/span> Mai<\/h6><article class=\"mec-event-article \"><div class=\"mec-event-image\"><img loading=\"lazy\" decoding=\"async\" width=\"300\" height=\"225\" src=\"https:\/\/www.kirche-hettenhausen.de\/site\/wp-content\/uploads\/2021\/01\/Kirche-Dalherda-Altar-Pfingsten-2020.jpg\" class=\"attachment-thumblist size-thumblist wp-post-image\" alt=\"Kirche Dalherda\" data-mec-postid=\"17164\" \/><\/div><div class=\"mec-monthly-contents\" style=\"width: calc(100% - 85px)\"><div class=\"mec-event-time mec-color\"><i class=\"mec-sl-clock-o\"><\/i> 10:30 - 11:30<\/div><h4 class=\"mec-event-title\"><a class=\"mec-color-hover\" data-event-id=\"17164\" href=\"https:\/\/www.kirche-hettenhausen.de\/site\/events\/festgottesdienst-pfingstsonntag\/\" target=\"_self\" rel=\"noopener\">Festgottesdienst &#8222;Pfingstsonntag&#8220;<\/a><span class=\"event-color\" style=\"background: #fdd700\"><\/span><\/h4><div class=\"mec-event-detail\">\r\n                        <div class=\"mec-event-loc-place\">Kirche Dalherda<\/div>\r\n                        \r\n                    <\/div><\/div><div style=\"clear:both\"><\/div><\/article><\/div><div class=\"mec-calendar-events-sec\" id=\"mec-calendar-events-sec-7575-20260525\" data-mec-cell=\"20260525\" ><h6 class=\"mec-table-side-title\">Veranstaltungen am <span class=\"mec-color mec-table-side-day\"> 25th<\/span> Mai<\/h6><article class=\"mec-event-article \"><div class=\"mec-event-image\"><img loading=\"lazy\" decoding=\"async\" width=\"300\" height=\"169\" src=\"https:\/\/www.kirche-hettenhausen.de\/site\/wp-content\/uploads\/2018\/05\/SAM_1546_2.jpg\" class=\"attachment-thumblist size-thumblist wp-post-image\" alt=\"Ev.-luth. Pfarrkirche St. Georg Hettenhausen\" data-mec-postid=\"17165\" \/><\/div><div class=\"mec-monthly-contents\" style=\"width: calc(100% - 85px)\"><div class=\"mec-event-time mec-color\"><i class=\"mec-sl-clock-o\"><\/i> 09:00 - 10:00<\/div><h4 class=\"mec-event-title\"><a class=\"mec-color-hover\" data-event-id=\"17165\" href=\"https:\/\/www.kirche-hettenhausen.de\/site\/events\/gottesdienst-pfingstmontag\/\" target=\"_self\" rel=\"noopener\">Gottesdienst &#8222;Pfingstmontag&#8220;<\/a><span class=\"event-color\" style=\"background: #a3b745\"><\/span><\/h4><div class=\"mec-event-detail\">\r\n                        <div class=\"mec-event-loc-place\">Kirche St. Georg Hettenhausen<\/div>\r\n                        \r\n                    <\/div><\/div><div style=\"clear:both\"><\/div><\/article><\/div><div class=\"mec-calendar-events-sec\" id=\"mec-calendar-events-sec-7575-20260526\" data-mec-cell=\"20260526\" ><h6 class=\"mec-table-side-title\">Veranstaltungen am <span class=\"mec-color mec-table-side-day\"> 26th<\/span> Mai<\/h6><article class=\"mec-event-article\"><div class=\"mec-event-detail\">Keine Veranstaltungen<\/div><\/article><\/div><div class=\"mec-calendar-events-sec\" id=\"mec-calendar-events-sec-7575-20260527\" data-mec-cell=\"20260527\" ><h6 class=\"mec-table-side-title\">Veranstaltungen am <span class=\"mec-color mec-table-side-day\"> 27th<\/span> Mai<\/h6><article class=\"mec-event-article\"><div class=\"mec-event-detail\">Keine Veranstaltungen<\/div><\/article><\/div><div class=\"mec-calendar-events-sec\" id=\"mec-calendar-events-sec-7575-20260528\" data-mec-cell=\"20260528\" ><h6 class=\"mec-table-side-title\">Veranstaltungen am <span class=\"mec-color mec-table-side-day\"> 28th<\/span> Mai<\/h6><article class=\"mec-event-article\"><div class=\"mec-event-detail\">Keine Veranstaltungen<\/div><\/article><\/div><div class=\"mec-calendar-events-sec\" id=\"mec-calendar-events-sec-7575-20260529\" data-mec-cell=\"20260529\" ><h6 class=\"mec-table-side-title\">Veranstaltungen am <span class=\"mec-color mec-table-side-day\"> 29th<\/span> Mai<\/h6><article class=\"mec-event-article\"><div class=\"mec-event-detail\">Keine Veranstaltungen<\/div><\/article><\/div><div class=\"mec-calendar-events-sec\" id=\"mec-calendar-events-sec-7575-20260530\" data-mec-cell=\"20260530\" ><h6 class=\"mec-table-side-title\">Veranstaltungen am <span class=\"mec-color mec-table-side-day\"> 30th<\/span> Mai<\/h6><article class=\"mec-event-article\"><div class=\"mec-event-detail\">Keine Veranstaltungen<\/div><\/article><\/div><div class=\"mec-calendar-events-sec\" id=\"mec-calendar-events-sec-7575-20260531\" data-mec-cell=\"20260531\" ><h6 class=\"mec-table-side-title\">Veranstaltungen am <span class=\"mec-color mec-table-side-day\"> 31st<\/span> Mai<\/h6><article class=\"mec-event-article \"><div class=\"mec-event-image\"><img loading=\"lazy\" decoding=\"async\" width=\"200\" height=\"264\" src=\"https:\/\/www.kirche-hettenhausen.de\/site\/wp-content\/uploads\/2021\/02\/Logo-Kirche-mit-Kindern_1.jpg\" class=\"attachment-thumblist size-thumblist wp-post-image\" alt=\"\" data-mec-postid=\"17138\" \/><\/div><div class=\"mec-monthly-contents\" style=\"width: calc(100% - 85px)\"><div class=\"mec-event-time mec-color\"><i class=\"mec-sl-clock-o\"><\/i> 10:30 - 11:30<\/div><h4 class=\"mec-event-title\"><a class=\"mec-color-hover\" data-event-id=\"17138\" href=\"https:\/\/www.kirche-hettenhausen.de\/site\/events\/kindergottesdienst-91\/\" target=\"_self\" rel=\"noopener\">Kindergottesdienst<\/a><span class=\"event-color\" style=\"background: #a3b745\"><\/span><\/h4><div class=\"mec-event-detail\">\r\n                        <div class=\"mec-event-loc-place\">Martin-Luther-Haus<\/div>\r\n                        \r\n                    <\/div><\/div><div style=\"clear:both\"><\/div><\/article><\/div><\/div><\/div><\/div><div class=\"mec-event-footer\"><\/div>    <\/div>\r\n\r\n        \r\n        <div class=\"mec-modal-result\"><\/div>\r\n\r\n<\/div>\n","protected":false},"excerpt":{"rendered":"<p>Hier finden Sie alle Termine zu unseren Gottesdiensten, Angeboten, Gruppentreffen, Veranstaltungen und Festen. F\u00fcr genauere Informationen klicken Sie einen Termin an und erfahren dort alle Details. \u00dcber die Funktion &#8222;Kategorie&#8220; k\u00f6nnen Sie eine Vorauswahl treffen und filtern. Viel Spa\u00df beim St\u00f6bern und herzliche Einladung zu unseren Gottesdiensten und Veranstaltungen! PS: Im Unterpunkt &#8222;Gottesdienste tabellarisch&#8220; finden [&hellip;]<\/p>\n","protected":false},"author":1,"featured_media":8191,"parent":0,"menu_order":2,"comment_status":"closed","ping_status":"open","template":"","meta":{"footnotes":""},"class_list":["post-205","page","type-page","status-publish","has-post-thumbnail","hentry"],"yoast_head":"<!-- This site is optimized with the Yoast SEO plugin v27.5 - https:\/\/yoast.com\/product\/yoast-seo-wordpress\/ -->\n<title>Gottesdienste &amp; Veranstaltungen - Ev.-luth. Kirchengemeinde Hettenhausen - Dalherda<\/title>\n<meta name=\"description\" content=\"Ev.-luth. Kirchengemeinde Hettenhausen - Dalherda - Gottesdienste &amp; Veranstaltungen - Hier finden Sie alle Termine zu unseren Gottesdiensten, Angeboten, Gruppentreffen, Veranstaltungen und Festen.\" \/>\n<meta name=\"robots\" content=\"index, follow, max-snippet:-1, max-image-preview:large, max-video-preview:-1\" \/>\n<link rel=\"canonical\" href=\"https:\/\/www.kirche-hettenhausen.de\/site\/gottesdienste\/\" \/>\n<meta property=\"og:locale\" content=\"de_DE\" \/>\n<meta property=\"og:type\" content=\"article\" \/>\n<meta property=\"og:title\" content=\"Gottesdienste &amp; Veranstaltungen - Ev.-luth. Kirchengemeinde Hettenhausen - Dalherda\" \/>\n<meta property=\"og:description\" content=\"Ev.-luth. Kirchengemeinde Hettenhausen - Dalherda - Gottesdienste &amp; Veranstaltungen - Hier finden Sie alle Termine zu unseren Gottesdiensten, Angeboten, Gruppentreffen, Veranstaltungen und Festen.\" \/>\n<meta property=\"og:url\" content=\"https:\/\/www.kirche-hettenhausen.de\/site\/gottesdienste\/\" \/>\n<meta property=\"og:site_name\" content=\"Ev.-luth. Kirchengemeinde Hettenhausen - Dalherda\" \/>\n<meta property=\"article:modified_time\" content=\"2026-01-17T22:48:23+00:00\" \/>\n<meta property=\"og:image\" content=\"https:\/\/www.kirche-hettenhausen.de\/site\/wp-content\/uploads\/2021\/03\/Zeitumstellung-300x300-1.png\" \/>\n\t<meta property=\"og:image:width\" content=\"300\" \/>\n\t<meta property=\"og:image:height\" content=\"300\" \/>\n\t<meta property=\"og:image:type\" content=\"image\/png\" \/>\n<meta name=\"twitter:card\" content=\"summary_large_image\" \/>\n<meta name=\"twitter:label1\" content=\"Gesch\u00e4tzte Lesezeit\" \/>\n\t<meta name=\"twitter:data1\" content=\"1\u00a0Minute\" \/>\n<script type=\"application\/ld+json\" class=\"yoast-schema-graph\">{\"@context\":\"https:\\\/\\\/schema.org\",\"@graph\":[{\"@type\":\"WebPage\",\"@id\":\"https:\\\/\\\/www.kirche-hettenhausen.de\\\/site\\\/gottesdienste\\\/\",\"url\":\"https:\\\/\\\/www.kirche-hettenhausen.de\\\/site\\\/gottesdienste\\\/\",\"name\":\"Gottesdienste & Veranstaltungen - Ev.-luth. Kirchengemeinde Hettenhausen - Dalherda\",\"isPartOf\":{\"@id\":\"https:\\\/\\\/www.kirche-hettenhausen.de\\\/site\\\/#website\"},\"primaryImageOfPage\":{\"@id\":\"https:\\\/\\\/www.kirche-hettenhausen.de\\\/site\\\/gottesdienste\\\/#primaryimage\"},\"image\":{\"@id\":\"https:\\\/\\\/www.kirche-hettenhausen.de\\\/site\\\/gottesdienste\\\/#primaryimage\"},\"thumbnailUrl\":\"https:\\\/\\\/www.kirche-hettenhausen.de\\\/site\\\/wp-content\\\/uploads\\\/2021\\\/03\\\/Zeitumstellung-300x300-1.png\",\"datePublished\":\"2014-11-30T16:14:11+00:00\",\"dateModified\":\"2026-01-17T22:48:23+00:00\",\"description\":\"Ev.-luth. Kirchengemeinde Hettenhausen - Dalherda - Gottesdienste & Veranstaltungen - Hier finden Sie alle Termine zu unseren Gottesdiensten, Angeboten, Gruppentreffen, Veranstaltungen und Festen.\",\"breadcrumb\":{\"@id\":\"https:\\\/\\\/www.kirche-hettenhausen.de\\\/site\\\/gottesdienste\\\/#breadcrumb\"},\"inLanguage\":\"de\",\"potentialAction\":[{\"@type\":\"ReadAction\",\"target\":[\"https:\\\/\\\/www.kirche-hettenhausen.de\\\/site\\\/gottesdienste\\\/\"]}]},{\"@type\":\"ImageObject\",\"inLanguage\":\"de\",\"@id\":\"https:\\\/\\\/www.kirche-hettenhausen.de\\\/site\\\/gottesdienste\\\/#primaryimage\",\"url\":\"https:\\\/\\\/www.kirche-hettenhausen.de\\\/site\\\/wp-content\\\/uploads\\\/2021\\\/03\\\/Zeitumstellung-300x300-1.png\",\"contentUrl\":\"https:\\\/\\\/www.kirche-hettenhausen.de\\\/site\\\/wp-content\\\/uploads\\\/2021\\\/03\\\/Zeitumstellung-300x300-1.png\",\"width\":300,\"height\":300,\"caption\":\"Gottesdienste & Veranstaltungen\"},{\"@type\":\"BreadcrumbList\",\"@id\":\"https:\\\/\\\/www.kirche-hettenhausen.de\\\/site\\\/gottesdienste\\\/#breadcrumb\",\"itemListElement\":[{\"@type\":\"ListItem\",\"position\":1,\"name\":\"Startseite\",\"item\":\"https:\\\/\\\/www.kirche-hettenhausen.de\\\/site\\\/\"},{\"@type\":\"ListItem\",\"position\":2,\"name\":\"Gottesdienste &#038; Veranstaltungen\"}]},{\"@type\":\"WebSite\",\"@id\":\"https:\\\/\\\/www.kirche-hettenhausen.de\\\/site\\\/#website\",\"url\":\"https:\\\/\\\/www.kirche-hettenhausen.de\\\/site\\\/\",\"name\":\"Ev.-luth. Kirchengemeinde Hettenhausen - Dalherda\",\"description\":\"Homepage der Ev.-luth. Kirchengemeinde Hettenhausen - Dalherda\",\"potentialAction\":[{\"@type\":\"SearchAction\",\"target\":{\"@type\":\"EntryPoint\",\"urlTemplate\":\"https:\\\/\\\/www.kirche-hettenhausen.de\\\/site\\\/?s={search_term_string}\"},\"query-input\":{\"@type\":\"PropertyValueSpecification\",\"valueRequired\":true,\"valueName\":\"search_term_string\"}}],\"inLanguage\":\"de\"}]}<\/script>\n<!-- \/ Yoast SEO plugin. -->","yoast_head_json":{"title":"Gottesdienste & Veranstaltungen - Ev.-luth. Kirchengemeinde Hettenhausen - Dalherda","description":"Ev.-luth. Kirchengemeinde Hettenhausen - Dalherda - Gottesdienste & Veranstaltungen - Hier finden Sie alle Termine zu unseren Gottesdiensten, Angeboten, Gruppentreffen, Veranstaltungen und Festen.","robots":{"index":"index","follow":"follow","max-snippet":"max-snippet:-1","max-image-preview":"max-image-preview:large","max-video-preview":"max-video-preview:-1"},"canonical":"https:\/\/www.kirche-hettenhausen.de\/site\/gottesdienste\/","og_locale":"de_DE","og_type":"article","og_title":"Gottesdienste & Veranstaltungen - Ev.-luth. Kirchengemeinde Hettenhausen - Dalherda","og_description":"Ev.-luth. Kirchengemeinde Hettenhausen - Dalherda - Gottesdienste & Veranstaltungen - Hier finden Sie alle Termine zu unseren Gottesdiensten, Angeboten, Gruppentreffen, Veranstaltungen und Festen.","og_url":"https:\/\/www.kirche-hettenhausen.de\/site\/gottesdienste\/","og_site_name":"Ev.-luth. Kirchengemeinde Hettenhausen - Dalherda","article_modified_time":"2026-01-17T22:48:23+00:00","og_image":[{"width":300,"height":300,"url":"https:\/\/www.kirche-hettenhausen.de\/site\/wp-content\/uploads\/2021\/03\/Zeitumstellung-300x300-1.png","type":"image\/png"}],"twitter_card":"summary_large_image","twitter_misc":{"Gesch\u00e4tzte Lesezeit":"1\u00a0Minute"},"schema":{"@context":"https:\/\/schema.org","@graph":[{"@type":"WebPage","@id":"https:\/\/www.kirche-hettenhausen.de\/site\/gottesdienste\/","url":"https:\/\/www.kirche-hettenhausen.de\/site\/gottesdienste\/","name":"Gottesdienste & Veranstaltungen - Ev.-luth. Kirchengemeinde Hettenhausen - Dalherda","isPartOf":{"@id":"https:\/\/www.kirche-hettenhausen.de\/site\/#website"},"primaryImageOfPage":{"@id":"https:\/\/www.kirche-hettenhausen.de\/site\/gottesdienste\/#primaryimage"},"image":{"@id":"https:\/\/www.kirche-hettenhausen.de\/site\/gottesdienste\/#primaryimage"},"thumbnailUrl":"https:\/\/www.kirche-hettenhausen.de\/site\/wp-content\/uploads\/2021\/03\/Zeitumstellung-300x300-1.png","datePublished":"2014-11-30T16:14:11+00:00","dateModified":"2026-01-17T22:48:23+00:00","description":"Ev.-luth. Kirchengemeinde Hettenhausen - Dalherda - Gottesdienste & Veranstaltungen - Hier finden Sie alle Termine zu unseren Gottesdiensten, Angeboten, Gruppentreffen, Veranstaltungen und Festen.","breadcrumb":{"@id":"https:\/\/www.kirche-hettenhausen.de\/site\/gottesdienste\/#breadcrumb"},"inLanguage":"de","potentialAction":[{"@type":"ReadAction","target":["https:\/\/www.kirche-hettenhausen.de\/site\/gottesdienste\/"]}]},{"@type":"ImageObject","inLanguage":"de","@id":"https:\/\/www.kirche-hettenhausen.de\/site\/gottesdienste\/#primaryimage","url":"https:\/\/www.kirche-hettenhausen.de\/site\/wp-content\/uploads\/2021\/03\/Zeitumstellung-300x300-1.png","contentUrl":"https:\/\/www.kirche-hettenhausen.de\/site\/wp-content\/uploads\/2021\/03\/Zeitumstellung-300x300-1.png","width":300,"height":300,"caption":"Gottesdienste & Veranstaltungen"},{"@type":"BreadcrumbList","@id":"https:\/\/www.kirche-hettenhausen.de\/site\/gottesdienste\/#breadcrumb","itemListElement":[{"@type":"ListItem","position":1,"name":"Startseite","item":"https:\/\/www.kirche-hettenhausen.de\/site\/"},{"@type":"ListItem","position":2,"name":"Gottesdienste &#038; Veranstaltungen"}]},{"@type":"WebSite","@id":"https:\/\/www.kirche-hettenhausen.de\/site\/#website","url":"https:\/\/www.kirche-hettenhausen.de\/site\/","name":"Ev.-luth. Kirchengemeinde Hettenhausen - Dalherda","description":"Homepage der Ev.-luth. Kirchengemeinde Hettenhausen - Dalherda","potentialAction":[{"@type":"SearchAction","target":{"@type":"EntryPoint","urlTemplate":"https:\/\/www.kirche-hettenhausen.de\/site\/?s={search_term_string}"},"query-input":{"@type":"PropertyValueSpecification","valueRequired":true,"valueName":"search_term_string"}}],"inLanguage":"de"}]}},"_links":{"self":[{"href":"https:\/\/www.kirche-hettenhausen.de\/site\/wp-json\/wp\/v2\/pages\/205","targetHints":{"allow":["GET"]}}],"collection":[{"href":"https:\/\/www.kirche-hettenhausen.de\/site\/wp-json\/wp\/v2\/pages"}],"about":[{"href":"https:\/\/www.kirche-hettenhausen.de\/site\/wp-json\/wp\/v2\/types\/page"}],"author":[{"embeddable":true,"href":"https:\/\/www.kirche-hettenhausen.de\/site\/wp-json\/wp\/v2\/users\/1"}],"replies":[{"embeddable":true,"href":"https:\/\/www.kirche-hettenhausen.de\/site\/wp-json\/wp\/v2\/comments?post=205"}],"version-history":[{"count":33,"href":"https:\/\/www.kirche-hettenhausen.de\/site\/wp-json\/wp\/v2\/pages\/205\/revisions"}],"predecessor-version":[{"id":17104,"href":"https:\/\/www.kirche-hettenhausen.de\/site\/wp-json\/wp\/v2\/pages\/205\/revisions\/17104"}],"wp:featuredmedia":[{"embeddable":true,"href":"https:\/\/www.kirche-hettenhausen.de\/site\/wp-json\/wp\/v2\/media\/8191"}],"wp:attachment":[{"href":"https:\/\/www.kirche-hettenhausen.de\/site\/wp-json\/wp\/v2\/media?parent=205"}],"curies":[{"name":"wp","href":"https:\/\/api.w.org\/{rel}","templated":true}]}}