{"id":1976,"date":"2018-12-21T22:11:07","date_gmt":"2018-12-21T21:11:07","guid":{"rendered":"https:\/\/kirche-hettenhausen.de\/site\/?page_id=1976"},"modified":"2022-11-11T22:19:54","modified_gmt":"2022-11-11T21:19:54","slug":"singen-und-musizieren","status":"publish","type":"page","link":"https:\/\/www.kirche-hettenhausen.de\/site\/engagiert-mitgestalten\/singen-und-musizieren\/","title":{"rendered":"Singen und Musizieren"},"content":{"rendered":"<div id=\"cc-m-11702406127\" class=\"j-module n j-header \">\n<h3 id=\"cc-m-header-11702406127\" class=\"\">Mit dabei sein&#8230; beim Singen und Musizieren<\/h3>\n<\/div>\n<div id=\"cc-m-11770923527\" class=\"j-module n j-text \">\n<p>Sie musizieren oder singen gern oder besch\u00e4ftigen sich gern mit Musik und w\u00fcrden dies gern in unsere Kirchengemeinde einbringen?<\/p>\n<p>Wir freuen uns!<\/p>\n<p>Hier finden Sie ein paar Vorschl\u00e4ge, welche Mitwirkungsm\u00f6glichkeiten sich bieten und wen Sie genau dann ansprechen k\u00f6nnen:<\/p>\n<p>&nbsp;<\/p>\n<\/div>\n<table style=\"height: 159px; width: 56.2251%; border-color: #800060; border-style: double;\" width=\"423\">\n<tbody>\n<tr style=\"height: 41px;\">\n<td style=\"width: 44.9412%; text-align: left; height: 41px;\"><span style=\"font-size: 14pt;\"><em>Ihre M\u00f6glichkeit zur Mitarbeit&#8230;<\/em><\/span><\/td>\n<td style=\"width: 53.4118%; height: 41px;\"><img loading=\"lazy\" decoding=\"async\" class=\"\" src=\"https:\/\/www.kirche-hettenhausen.de\/site\/wp-content\/uploads\/2018\/12\/Logo-engagiert-MITGESTALTEN.jpg\" alt=\"\" width=\"85\" height=\"40\" \/><\/td>\n<\/tr>\n<tr style=\"height: 40px;\">\n<td style=\"width: 98.3529%; height: 12px;\" colspan=\"2\"><strong><span style=\"color: #ff00ff;\"><span style=\"color: #db1385;\">Aufgabe:<\/span><br \/>\n<\/span><\/strong>S\u00e4nger und S\u00e4ngerinnen gesucht; der Chor wirkt in besonderen Gottesdiensten mit<strong><span style=\"color: #ff00ff;\"><br \/>\n<\/span><\/strong><\/td>\n<\/tr>\n<tr style=\"height: 56px;\">\n<td style=\"width: 98.3529%; height: 22px;\" colspan=\"2\"><strong><span style=\"color: #ff00ff;\"><span style=\"color: #db1385;\">Ort \/ Gruppe:<\/span><br \/>\n<\/span><\/strong><span style=\"color: #000000;\">Kirchenchor<\/span><strong><span style=\"color: #ff00ff;\"><br \/>\n<\/span><\/strong><\/td>\n<\/tr>\n<tr style=\"height: 56px;\">\n<td style=\"width: 98.3529%; height: 10px;\" colspan=\"2\"><strong><span style=\"color: #ff00ff;\"><span style=\"color: #db1385;\">Zeit \/ Zeitaufwand:<\/span><br \/>\n<\/span><\/strong>Proben donnerstags von 19:30 bis 21:00 Uhr<br \/>\nim Martin-Luther-Haus<\/td>\n<\/tr>\n<tr style=\"height: 39px;\">\n<td style=\"width: 98.3529%; height: 26px;\" colspan=\"2\"><strong><span style=\"color: #ff00ff;\"><span style=\"color: #db1385;\">Verantwortliche:<\/span><br \/>\n<\/span><\/strong>Ulrike Zitzmann, <span style=\"color: #ff00ff;\"><span style=\"color: #000000;\">Telefon <a href=\"tel:+4966565543\">+49 (0) 6656 5543<\/a><\/span><\/span><strong><span style=\"color: #ff00ff;\"><br \/>\n<\/span><\/strong><\/td>\n<\/tr>\n<tr style=\"height: 48px;\">\n<td style=\"width: 44.9412%; height: 48px;\"><\/td>\n<td style=\"width: 53.4118%; text-align: right; height: 48px;\"><span style=\"font-size: 14pt;\"><em>&#8230; wir freuen uns, wenn Sie sich einbringen!<\/em><\/span><\/td>\n<\/tr>\n<\/tbody>\n<\/table>\n<div id=\"cc-m-11702475827\" class=\"j-module n j-text \">\n<table style=\"height: 314px; width: 423px; border-color: #800060; border-style: double;\" width=\"423\">\n<tbody>\n<tr style=\"height: 41px;\">\n<td style=\"width: 186.467px; text-align: left; height: 41px;\"><span style=\"font-size: 14pt;\"><em>Ihre M\u00f6glichkeit zur Mitarbeit&#8230;<\/em><\/span><\/td>\n<td style=\"width: 220.533px; height: 41px;\"><img loading=\"lazy\" decoding=\"async\" class=\"\" src=\"https:\/\/www.kirche-hettenhausen.de\/site\/wp-content\/uploads\/2018\/12\/Logo-engagiert-MITGESTALTEN.jpg\" alt=\"\" width=\"85\" height=\"40\" \/><\/td>\n<\/tr>\n<tr style=\"height: 40px;\">\n<td style=\"width: 413px; height: 12px;\" colspan=\"2\"><strong><span style=\"color: #ff00ff;\"><span style=\"color: #db1385;\">Aufgabe:<\/span><br \/>\n<\/span><\/strong><span style=\"color: #000000;\">Orgelsch\u00fcler*innen gesucht!<\/span><strong><span style=\"color: #ff00ff;\"><br \/>\n<\/span><\/strong><\/td>\n<\/tr>\n<tr style=\"height: 56px;\">\n<td style=\"width: 413px; height: 22px;\" colspan=\"2\"><strong><span style=\"color: #ff00ff;\"><span style=\"color: #db1385;\">Ort \/ Gruppe:<\/span><br \/>\n<\/span><\/strong><span style=\"color: #ff00ff;\"><span style=\"color: #000000;\">Kirche St. Georg Hettenhausen<\/span><\/span><strong><span style=\"color: #ff00ff;\"><br \/>\n<\/span><\/strong><\/td>\n<\/tr>\n<tr style=\"height: 56px;\">\n<td style=\"width: 413px; height: 10px;\" colspan=\"2\"><strong><span style=\"color: #ff00ff;\"><span style=\"color: #db1385;\">Zeit \/ Zeitaufwand:<\/span><br \/>\n<\/span><\/strong><strong><span style=\"color: #ff00ff;\"><br \/>\n<\/span><\/strong><\/td>\n<\/tr>\n<tr style=\"height: 39px;\">\n<td style=\"width: 413px; height: 26px;\" colspan=\"2\"><strong><span style=\"color: #ff00ff;\"><span style=\"color: #db1385;\">Verantwortliche:<\/span><br \/>\n<\/span><\/strong><span style=\"color: #ff00ff;\"><span style=\"color: #000000;\">Pfarramt, Telefon <a href=\"tel:+496656307\">+49 (0) 6656 307<\/a><\/span><\/span><strong><span style=\"color: #ff00ff;\"><br \/>\n<\/span><\/strong><\/td>\n<\/tr>\n<tr style=\"height: 48px;\">\n<td style=\"width: 186.467px; height: 48px;\"><\/td>\n<td style=\"width: 220.533px; text-align: right; height: 48px;\"><span style=\"font-size: 14pt;\"><em>&#8230; wir freuen uns, wenn Sie sich einbringen!<\/em><\/span><\/td>\n<\/tr>\n<\/tbody>\n<\/table>\n<\/div>\n<div id=\"cc-m-11702475827\" class=\"j-module n j-text \">\n<table style=\"height: 314px; width: 423px; border-color: #800060; border-style: double;\" width=\"423\">\n<tbody>\n<tr style=\"height: 41px;\">\n<td style=\"width: 186.467px; text-align: left; height: 41px;\"><span style=\"font-size: 14pt;\"><em>Ihre M\u00f6glichkeit zur Mitarbeit&#8230;<\/em><\/span><\/td>\n<td style=\"width: 220.533px; height: 41px;\"><img loading=\"lazy\" decoding=\"async\" class=\"\" src=\"https:\/\/www.kirche-hettenhausen.de\/site\/wp-content\/uploads\/2018\/12\/Logo-engagiert-MITGESTALTEN.jpg\" alt=\"\" width=\"85\" height=\"40\" \/><\/td>\n<\/tr>\n<tr style=\"height: 40px;\">\n<td style=\"width: 413px; height: 12px;\" colspan=\"2\"><strong><span style=\"color: #ff00ff;\"><span style=\"color: #db1385;\">Aufgabe:<\/span><br \/>\n<\/span><\/strong><strong><span style=\"color: #ff00ff;\"><br \/>\n<\/span><\/strong><\/td>\n<\/tr>\n<tr style=\"height: 56px;\">\n<td style=\"width: 413px; height: 22px;\" colspan=\"2\"><strong><span style=\"color: #ff00ff;\"><span style=\"color: #db1385;\">Ort \/ Gruppe:<\/span><br \/>\n<\/span><\/strong><strong><span style=\"color: #ff00ff;\"><br \/>\n<\/span><\/strong><\/td>\n<\/tr>\n<tr style=\"height: 56px;\">\n<td style=\"width: 413px; height: 10px;\" colspan=\"2\"><strong><span style=\"color: #ff00ff;\"><span style=\"color: #db1385;\">Zeit \/ Zeitaufwand:<\/span><br \/>\n<\/span><\/strong><strong><span style=\"color: #ff00ff;\"><br \/>\n<\/span><\/strong><\/td>\n<\/tr>\n<tr style=\"height: 39px;\">\n<td style=\"width: 413px; height: 26px;\" colspan=\"2\"><strong><span style=\"color: #ff00ff;\"><span style=\"color: #db1385;\">Verantwortliche:<\/span><br \/>\n<\/span><\/strong><strong><span style=\"color: #ff00ff;\"><br \/>\n<\/span><\/strong><\/td>\n<\/tr>\n<tr style=\"height: 48px;\">\n<td style=\"width: 186.467px; height: 48px;\"><\/td>\n<td style=\"width: 220.533px; text-align: right; height: 48px;\"><span style=\"font-size: 14pt;\"><em>&#8230; wir freuen uns, wenn Sie sich einbringen!<\/em><\/span><\/td>\n<\/tr>\n<\/tbody>\n<\/table>\n<\/div>\n","protected":false},"excerpt":{"rendered":"<p>Mit dabei sein&#8230; beim Singen und Musizieren Sie musizieren oder singen gern oder besch\u00e4ftigen sich gern mit Musik und w\u00fcrden dies gern in unsere Kirchengemeinde einbringen? Wir freuen uns! Hier finden Sie ein paar Vorschl\u00e4ge, welche Mitwirkungsm\u00f6glichkeiten sich bieten und wen Sie genau dann ansprechen k\u00f6nnen: &nbsp; Ihre M\u00f6glichkeit zur Mitarbeit&#8230; Aufgabe: S\u00e4nger und S\u00e4ngerinnen [&hellip;]<\/p>\n","protected":false},"author":2,"featured_media":7676,"parent":1758,"menu_order":80,"comment_status":"closed","ping_status":"closed","template":"","meta":{"footnotes":""},"class_list":["post-1976","page","type-page","status-publish","has-post-thumbnail","hentry"],"yoast_head":"<!-- This site is optimized with the Yoast SEO plugin v27.4 - https:\/\/yoast.com\/product\/yoast-seo-wordpress\/ -->\n<title>Singen und Musizieren - Ev.-luth. Kirchengemeinde Hettenhausen - Dalherda<\/title>\n<meta name=\"description\" content=\"Ev.-luth. Kirchengemeinde Hettenhausen - Dalherda - Singen und Musizieren\" \/>\n<meta name=\"robots\" content=\"index, follow, max-snippet:-1, max-image-preview:large, max-video-preview:-1\" \/>\n<link rel=\"canonical\" href=\"https:\/\/www.kirche-hettenhausen.de\/site\/engagiert-mitgestalten\/singen-und-musizieren\/\" \/>\n<meta property=\"og:locale\" content=\"de_DE\" \/>\n<meta property=\"og:type\" content=\"article\" \/>\n<meta property=\"og:title\" content=\"Singen und Musizieren - Ev.-luth. Kirchengemeinde Hettenhausen - Dalherda\" \/>\n<meta property=\"og:description\" content=\"Ev.-luth. Kirchengemeinde Hettenhausen - Dalherda - Singen und Musizieren\" \/>\n<meta property=\"og:url\" content=\"https:\/\/www.kirche-hettenhausen.de\/site\/engagiert-mitgestalten\/singen-und-musizieren\/\" \/>\n<meta property=\"og:site_name\" content=\"Ev.-luth. Kirchengemeinde Hettenhausen - Dalherda\" \/>\n<meta property=\"article:modified_time\" content=\"2022-11-11T21:19:54+00:00\" \/>\n<meta property=\"og:image\" content=\"https:\/\/www.kirche-hettenhausen.de\/site\/wp-content\/uploads\/2021\/02\/60576_kirchenmusik_rgb.jpg\" \/>\n\t<meta property=\"og:image:width\" content=\"1380\" \/>\n\t<meta property=\"og:image:height\" content=\"635\" \/>\n\t<meta property=\"og:image:type\" content=\"image\/jpeg\" \/>\n<meta name=\"twitter:card\" content=\"summary_large_image\" \/>\n<meta name=\"twitter:label1\" content=\"Gesch\u00e4tzte Lesezeit\" \/>\n\t<meta name=\"twitter:data1\" content=\"2\u00a0Minuten\" \/>\n<script type=\"application\/ld+json\" class=\"yoast-schema-graph\">{\"@context\":\"https:\\\/\\\/schema.org\",\"@graph\":[{\"@type\":\"WebPage\",\"@id\":\"https:\\\/\\\/www.kirche-hettenhausen.de\\\/site\\\/engagiert-mitgestalten\\\/singen-und-musizieren\\\/\",\"url\":\"https:\\\/\\\/www.kirche-hettenhausen.de\\\/site\\\/engagiert-mitgestalten\\\/singen-und-musizieren\\\/\",\"name\":\"Singen und Musizieren - Ev.-luth. Kirchengemeinde Hettenhausen - Dalherda\",\"isPartOf\":{\"@id\":\"https:\\\/\\\/www.kirche-hettenhausen.de\\\/site\\\/#website\"},\"primaryImageOfPage\":{\"@id\":\"https:\\\/\\\/www.kirche-hettenhausen.de\\\/site\\\/engagiert-mitgestalten\\\/singen-und-musizieren\\\/#primaryimage\"},\"image\":{\"@id\":\"https:\\\/\\\/www.kirche-hettenhausen.de\\\/site\\\/engagiert-mitgestalten\\\/singen-und-musizieren\\\/#primaryimage\"},\"thumbnailUrl\":\"https:\\\/\\\/www.kirche-hettenhausen.de\\\/site\\\/wp-content\\\/uploads\\\/2021\\\/02\\\/60576_kirchenmusik_rgb.jpg\",\"datePublished\":\"2018-12-21T21:11:07+00:00\",\"dateModified\":\"2022-11-11T21:19:54+00:00\",\"description\":\"Ev.-luth. Kirchengemeinde Hettenhausen - Dalherda - Singen und Musizieren\",\"breadcrumb\":{\"@id\":\"https:\\\/\\\/www.kirche-hettenhausen.de\\\/site\\\/engagiert-mitgestalten\\\/singen-und-musizieren\\\/#breadcrumb\"},\"inLanguage\":\"de\",\"potentialAction\":[{\"@type\":\"ReadAction\",\"target\":[\"https:\\\/\\\/www.kirche-hettenhausen.de\\\/site\\\/engagiert-mitgestalten\\\/singen-und-musizieren\\\/\"]}]},{\"@type\":\"ImageObject\",\"inLanguage\":\"de\",\"@id\":\"https:\\\/\\\/www.kirche-hettenhausen.de\\\/site\\\/engagiert-mitgestalten\\\/singen-und-musizieren\\\/#primaryimage\",\"url\":\"https:\\\/\\\/www.kirche-hettenhausen.de\\\/site\\\/wp-content\\\/uploads\\\/2021\\\/02\\\/60576_kirchenmusik_rgb.jpg\",\"contentUrl\":\"https:\\\/\\\/www.kirche-hettenhausen.de\\\/site\\\/wp-content\\\/uploads\\\/2021\\\/02\\\/60576_kirchenmusik_rgb.jpg\",\"width\":1380,\"height\":635},{\"@type\":\"BreadcrumbList\",\"@id\":\"https:\\\/\\\/www.kirche-hettenhausen.de\\\/site\\\/engagiert-mitgestalten\\\/singen-und-musizieren\\\/#breadcrumb\",\"itemListElement\":[{\"@type\":\"ListItem\",\"position\":1,\"name\":\"Startseite\",\"item\":\"https:\\\/\\\/www.kirche-hettenhausen.de\\\/site\\\/\"},{\"@type\":\"ListItem\",\"position\":2,\"name\":\"engagiert! MITGESTALTEN\",\"item\":\"https:\\\/\\\/www.kirche-hettenhausen.de\\\/site\\\/engagiert-mitgestalten\\\/\"},{\"@type\":\"ListItem\",\"position\":3,\"name\":\"Singen und Musizieren\"}]},{\"@type\":\"WebSite\",\"@id\":\"https:\\\/\\\/www.kirche-hettenhausen.de\\\/site\\\/#website\",\"url\":\"https:\\\/\\\/www.kirche-hettenhausen.de\\\/site\\\/\",\"name\":\"Ev.-luth. Kirchengemeinde Hettenhausen - Dalherda\",\"description\":\"Homepage der Ev.-luth. Kirchengemeinde Hettenhausen - Dalherda\",\"potentialAction\":[{\"@type\":\"SearchAction\",\"target\":{\"@type\":\"EntryPoint\",\"urlTemplate\":\"https:\\\/\\\/www.kirche-hettenhausen.de\\\/site\\\/?s={search_term_string}\"},\"query-input\":{\"@type\":\"PropertyValueSpecification\",\"valueRequired\":true,\"valueName\":\"search_term_string\"}}],\"inLanguage\":\"de\"}]}<\/script>\n<!-- \/ Yoast SEO plugin. -->","yoast_head_json":{"title":"Singen und Musizieren - Ev.-luth. Kirchengemeinde Hettenhausen - Dalherda","description":"Ev.-luth. Kirchengemeinde Hettenhausen - Dalherda - Singen und Musizieren","robots":{"index":"index","follow":"follow","max-snippet":"max-snippet:-1","max-image-preview":"max-image-preview:large","max-video-preview":"max-video-preview:-1"},"canonical":"https:\/\/www.kirche-hettenhausen.de\/site\/engagiert-mitgestalten\/singen-und-musizieren\/","og_locale":"de_DE","og_type":"article","og_title":"Singen und Musizieren - Ev.-luth. Kirchengemeinde Hettenhausen - Dalherda","og_description":"Ev.-luth. Kirchengemeinde Hettenhausen - Dalherda - Singen und Musizieren","og_url":"https:\/\/www.kirche-hettenhausen.de\/site\/engagiert-mitgestalten\/singen-und-musizieren\/","og_site_name":"Ev.-luth. Kirchengemeinde Hettenhausen - Dalherda","article_modified_time":"2022-11-11T21:19:54+00:00","og_image":[{"width":1380,"height":635,"url":"https:\/\/www.kirche-hettenhausen.de\/site\/wp-content\/uploads\/2021\/02\/60576_kirchenmusik_rgb.jpg","type":"image\/jpeg"}],"twitter_card":"summary_large_image","twitter_misc":{"Gesch\u00e4tzte Lesezeit":"2\u00a0Minuten"},"schema":{"@context":"https:\/\/schema.org","@graph":[{"@type":"WebPage","@id":"https:\/\/www.kirche-hettenhausen.de\/site\/engagiert-mitgestalten\/singen-und-musizieren\/","url":"https:\/\/www.kirche-hettenhausen.de\/site\/engagiert-mitgestalten\/singen-und-musizieren\/","name":"Singen und Musizieren - Ev.-luth. Kirchengemeinde Hettenhausen - Dalherda","isPartOf":{"@id":"https:\/\/www.kirche-hettenhausen.de\/site\/#website"},"primaryImageOfPage":{"@id":"https:\/\/www.kirche-hettenhausen.de\/site\/engagiert-mitgestalten\/singen-und-musizieren\/#primaryimage"},"image":{"@id":"https:\/\/www.kirche-hettenhausen.de\/site\/engagiert-mitgestalten\/singen-und-musizieren\/#primaryimage"},"thumbnailUrl":"https:\/\/www.kirche-hettenhausen.de\/site\/wp-content\/uploads\/2021\/02\/60576_kirchenmusik_rgb.jpg","datePublished":"2018-12-21T21:11:07+00:00","dateModified":"2022-11-11T21:19:54+00:00","description":"Ev.-luth. Kirchengemeinde Hettenhausen - Dalherda - Singen und Musizieren","breadcrumb":{"@id":"https:\/\/www.kirche-hettenhausen.de\/site\/engagiert-mitgestalten\/singen-und-musizieren\/#breadcrumb"},"inLanguage":"de","potentialAction":[{"@type":"ReadAction","target":["https:\/\/www.kirche-hettenhausen.de\/site\/engagiert-mitgestalten\/singen-und-musizieren\/"]}]},{"@type":"ImageObject","inLanguage":"de","@id":"https:\/\/www.kirche-hettenhausen.de\/site\/engagiert-mitgestalten\/singen-und-musizieren\/#primaryimage","url":"https:\/\/www.kirche-hettenhausen.de\/site\/wp-content\/uploads\/2021\/02\/60576_kirchenmusik_rgb.jpg","contentUrl":"https:\/\/www.kirche-hettenhausen.de\/site\/wp-content\/uploads\/2021\/02\/60576_kirchenmusik_rgb.jpg","width":1380,"height":635},{"@type":"BreadcrumbList","@id":"https:\/\/www.kirche-hettenhausen.de\/site\/engagiert-mitgestalten\/singen-und-musizieren\/#breadcrumb","itemListElement":[{"@type":"ListItem","position":1,"name":"Startseite","item":"https:\/\/www.kirche-hettenhausen.de\/site\/"},{"@type":"ListItem","position":2,"name":"engagiert! MITGESTALTEN","item":"https:\/\/www.kirche-hettenhausen.de\/site\/engagiert-mitgestalten\/"},{"@type":"ListItem","position":3,"name":"Singen und Musizieren"}]},{"@type":"WebSite","@id":"https:\/\/www.kirche-hettenhausen.de\/site\/#website","url":"https:\/\/www.kirche-hettenhausen.de\/site\/","name":"Ev.-luth. Kirchengemeinde Hettenhausen - Dalherda","description":"Homepage der Ev.-luth. Kirchengemeinde Hettenhausen - Dalherda","potentialAction":[{"@type":"SearchAction","target":{"@type":"EntryPoint","urlTemplate":"https:\/\/www.kirche-hettenhausen.de\/site\/?s={search_term_string}"},"query-input":{"@type":"PropertyValueSpecification","valueRequired":true,"valueName":"search_term_string"}}],"inLanguage":"de"}]}},"_links":{"self":[{"href":"https:\/\/www.kirche-hettenhausen.de\/site\/wp-json\/wp\/v2\/pages\/1976","targetHints":{"allow":["GET"]}}],"collection":[{"href":"https:\/\/www.kirche-hettenhausen.de\/site\/wp-json\/wp\/v2\/pages"}],"about":[{"href":"https:\/\/www.kirche-hettenhausen.de\/site\/wp-json\/wp\/v2\/types\/page"}],"author":[{"embeddable":true,"href":"https:\/\/www.kirche-hettenhausen.de\/site\/wp-json\/wp\/v2\/users\/2"}],"replies":[{"embeddable":true,"href":"https:\/\/www.kirche-hettenhausen.de\/site\/wp-json\/wp\/v2\/comments?post=1976"}],"version-history":[{"count":18,"href":"https:\/\/www.kirche-hettenhausen.de\/site\/wp-json\/wp\/v2\/pages\/1976\/revisions"}],"predecessor-version":[{"id":12571,"href":"https:\/\/www.kirche-hettenhausen.de\/site\/wp-json\/wp\/v2\/pages\/1976\/revisions\/12571"}],"up":[{"embeddable":true,"href":"https:\/\/www.kirche-hettenhausen.de\/site\/wp-json\/wp\/v2\/pages\/1758"}],"wp:featuredmedia":[{"embeddable":true,"href":"https:\/\/www.kirche-hettenhausen.de\/site\/wp-json\/wp\/v2\/media\/7676"}],"wp:attachment":[{"href":"https:\/\/www.kirche-hettenhausen.de\/site\/wp-json\/wp\/v2\/media?parent=1976"}],"curies":[{"name":"wp","href":"https:\/\/api.w.org\/{rel}","templated":true}]}}