{"id":13983,"date":"2023-10-18T15:11:51","date_gmt":"2023-10-18T13:11:51","guid":{"rendered":"https:\/\/kirche-hettenhausen.de\/site\/?post_type=mec-events&#038;p=13983"},"modified":"2024-02-18T15:13:19","modified_gmt":"2024-02-18T14:13:19","slug":"weltgebetstag-2024-aus-palaestina","status":"publish","type":"mec-events","link":"https:\/\/www.kirche-hettenhausen.de\/site\/events\/weltgebetstag-2024-aus-palaestina\/","title":{"rendered":"Weltgebetstag 2024 aus Pal\u00e4stina"},"content":{"rendered":"<p>Der Weltgebetstag 2024 kommt aus Pal\u00e4stina. Unter dem Motto \u201e\u2026durch das Band des Friedens\u201c wird er am 1. M\u00e4rz 2024 in unz\u00e4hligen \u00f6kumenischen Gottesdiensten gefeiert.<\/p>\n<p>Wir d\u00fcrfen in diesem Jahr Gast in der Pfarrkirche Dietershausen sein. Anschlie\u00dfend gem\u00fctliches Beisammensein im Rupert-Mayer-Haus.<\/p>\n<p>&nbsp;<\/p>\n<p>Weitere Infos unter\u00a0<strong><a href=\"https:\/\/weltgebetstag.de\/\" target=\"_blank\" rel=\"noopener\">https:\/\/weltgebetstag.de\/<\/a><\/strong><\/p>\n<p>Bild zum Weltgebetstag 2024 mit dem Titel \u201cPraying Palestinian Women\u201d<br \/>\nvon der K\u00fcnstlerin Halima Aziz<br \/>\n\u00a9 Weltgebetstag \u2013 Internationales Komitee<\/p>\n<p>&nbsp;<\/p>\n","protected":false},"excerpt":{"rendered":"<p>Der Weltgebetstag 2024 kommt aus Pal\u00e4stina. Unter dem Motto \u201e\u2026durch das Band des Friedens\u201c wird er am 1. M\u00e4rz 2024 in unz\u00e4hligen \u00f6kumenischen Gottesdiensten gefeiert. Wir d\u00fcrfen in diesem Jahr Gast in der Pfarrkirche Dietershausen sein. Anschlie\u00dfend gem\u00fctliches Beisammensein im Rupert-Mayer-Haus. &nbsp; Weitere Infos unter\u00a0https:\/\/weltgebetstag.de\/ Bild zum Weltgebetstag 2024 mit dem Titel \u201cPraying Palestinian Women\u201d [&hellip;]<\/p>\n","protected":false},"author":2,"featured_media":13984,"comment_status":"closed","ping_status":"closed","template":"","tags":[33,36,91,67,39,99],"mec_category":[109,139],"class_list":["post-13983","mec-events","type-mec-events","status-publish","has-post-thumbnail","hentry","tag-gottesdienst","tag-musik","tag-oekumene","tag-singen","tag-veranstaltungen","tag-weltgebetstag","mec_category-gottesdienst","mec_category-veranstaltungen-feste"],"yoast_head":"<!-- This site is optimized with the Yoast SEO plugin v27.4 - https:\/\/yoast.com\/product\/yoast-seo-wordpress\/ -->\n<title>Weltgebetstag 2024 aus Pal\u00e4stina - Ev.-luth. Kirchengemeinde Hettenhausen - Dalherda<\/title>\n<meta name=\"description\" content=\"Ev.-luth. Kirchengemeinde Hettenhausen - Dalherda - Weltgebetstag 2024 aus Pal\u00e4stina -\" \/>\n<meta name=\"robots\" content=\"index, follow, max-snippet:-1, max-image-preview:large, max-video-preview:-1\" \/>\n<link rel=\"canonical\" href=\"https:\/\/www.kirche-hettenhausen.de\/site\/events\/weltgebetstag-2024-aus-palaestina\/\" \/>\n<meta property=\"og:locale\" content=\"de_DE\" \/>\n<meta property=\"og:type\" content=\"article\" \/>\n<meta property=\"og:title\" content=\"Weltgebetstag 2024 aus Pal\u00e4stina - Ev.-luth. Kirchengemeinde Hettenhausen - Dalherda\" \/>\n<meta property=\"og:description\" content=\"Ev.-luth. Kirchengemeinde Hettenhausen - Dalherda - Weltgebetstag 2024 aus Pal\u00e4stina -\" \/>\n<meta property=\"og:url\" content=\"https:\/\/www.kirche-hettenhausen.de\/site\/events\/weltgebetstag-2024-aus-palaestina\/\" \/>\n<meta property=\"og:site_name\" content=\"Ev.-luth. Kirchengemeinde Hettenhausen - Dalherda\" \/>\n<meta property=\"article:modified_time\" content=\"2024-02-18T14:13:19+00:00\" \/>\n<meta property=\"og:image\" content=\"https:\/\/www.kirche-hettenhausen.de\/site\/wp-content\/uploads\/2023\/10\/2024_Palaestina_Titel_Praying-Palestinian-_Women_von-der_Kuenstlerin-Halima_Aziz_web___2022-World-Day-of-Prayer-International-Committee-Inc.jpg\" \/>\n\t<meta property=\"og:image:width\" content=\"563\" \/>\n\t<meta property=\"og:image:height\" content=\"794\" \/>\n\t<meta property=\"og:image:type\" content=\"image\/jpeg\" \/>\n<meta name=\"twitter:card\" content=\"summary_large_image\" \/>\n<meta name=\"twitter:label1\" content=\"Gesch\u00e4tzte Lesezeit\" \/>\n\t<meta name=\"twitter:data1\" content=\"1\u00a0Minute\" \/>\n<script type=\"application\/ld+json\" class=\"yoast-schema-graph\">{\"@context\":\"https:\\\/\\\/schema.org\",\"@graph\":[{\"@type\":\"WebPage\",\"@id\":\"https:\\\/\\\/www.kirche-hettenhausen.de\\\/site\\\/events\\\/weltgebetstag-2024-aus-palaestina\\\/\",\"url\":\"https:\\\/\\\/www.kirche-hettenhausen.de\\\/site\\\/events\\\/weltgebetstag-2024-aus-palaestina\\\/\",\"name\":\"Weltgebetstag 2024 aus Pal\u00e4stina - Ev.-luth. Kirchengemeinde Hettenhausen - Dalherda\",\"isPartOf\":{\"@id\":\"https:\\\/\\\/www.kirche-hettenhausen.de\\\/site\\\/#website\"},\"primaryImageOfPage\":{\"@id\":\"https:\\\/\\\/www.kirche-hettenhausen.de\\\/site\\\/events\\\/weltgebetstag-2024-aus-palaestina\\\/#primaryimage\"},\"image\":{\"@id\":\"https:\\\/\\\/www.kirche-hettenhausen.de\\\/site\\\/events\\\/weltgebetstag-2024-aus-palaestina\\\/#primaryimage\"},\"thumbnailUrl\":\"https:\\\/\\\/www.kirche-hettenhausen.de\\\/site\\\/wp-content\\\/uploads\\\/2023\\\/10\\\/2024_Palaestina_Titel_Praying-Palestinian-_Women_von-der_Kuenstlerin-Halima_Aziz_web___2022-World-Day-of-Prayer-International-Committee-Inc.jpg\",\"datePublished\":\"2023-10-18T13:11:51+00:00\",\"dateModified\":\"2024-02-18T14:13:19+00:00\",\"description\":\"Ev.-luth. Kirchengemeinde Hettenhausen - Dalherda - Weltgebetstag 2024 aus Pal\u00e4stina -\",\"breadcrumb\":{\"@id\":\"https:\\\/\\\/www.kirche-hettenhausen.de\\\/site\\\/events\\\/weltgebetstag-2024-aus-palaestina\\\/#breadcrumb\"},\"inLanguage\":\"de\",\"potentialAction\":[{\"@type\":\"ReadAction\",\"target\":[\"https:\\\/\\\/www.kirche-hettenhausen.de\\\/site\\\/events\\\/weltgebetstag-2024-aus-palaestina\\\/\"]}]},{\"@type\":\"ImageObject\",\"inLanguage\":\"de\",\"@id\":\"https:\\\/\\\/www.kirche-hettenhausen.de\\\/site\\\/events\\\/weltgebetstag-2024-aus-palaestina\\\/#primaryimage\",\"url\":\"https:\\\/\\\/www.kirche-hettenhausen.de\\\/site\\\/wp-content\\\/uploads\\\/2023\\\/10\\\/2024_Palaestina_Titel_Praying-Palestinian-_Women_von-der_Kuenstlerin-Halima_Aziz_web___2022-World-Day-of-Prayer-International-Committee-Inc.jpg\",\"contentUrl\":\"https:\\\/\\\/www.kirche-hettenhausen.de\\\/site\\\/wp-content\\\/uploads\\\/2023\\\/10\\\/2024_Palaestina_Titel_Praying-Palestinian-_Women_von-der_Kuenstlerin-Halima_Aziz_web___2022-World-Day-of-Prayer-International-Committee-Inc.jpg\",\"width\":563,\"height\":794,\"caption\":\"Bild zum Weltgebetstag 2024 mit dem Titel \u201cPraying Palestinian Women\u201d von der K\u00fcnstlerin Halima Aziz \u00a9 Weltgebetstag \u2013 Internationales Komitee\"},{\"@type\":\"BreadcrumbList\",\"@id\":\"https:\\\/\\\/www.kirche-hettenhausen.de\\\/site\\\/events\\\/weltgebetstag-2024-aus-palaestina\\\/#breadcrumb\",\"itemListElement\":[{\"@type\":\"ListItem\",\"position\":1,\"name\":\"Startseite\",\"item\":\"https:\\\/\\\/www.kirche-hettenhausen.de\\\/site\\\/\"},{\"@type\":\"ListItem\",\"position\":2,\"name\":\"Veranstaltungen\",\"item\":\"https:\\\/\\\/www.kirche-hettenhausen.de\\\/site\\\/events\\\/\"},{\"@type\":\"ListItem\",\"position\":3,\"name\":\"Weltgebetstag 2024 aus Pal\u00e4stina\"}]},{\"@type\":\"WebSite\",\"@id\":\"https:\\\/\\\/www.kirche-hettenhausen.de\\\/site\\\/#website\",\"url\":\"https:\\\/\\\/www.kirche-hettenhausen.de\\\/site\\\/\",\"name\":\"Ev.-luth. Kirchengemeinde Hettenhausen - Dalherda\",\"description\":\"Homepage der Ev.-luth. Kirchengemeinde Hettenhausen - Dalherda\",\"potentialAction\":[{\"@type\":\"SearchAction\",\"target\":{\"@type\":\"EntryPoint\",\"urlTemplate\":\"https:\\\/\\\/www.kirche-hettenhausen.de\\\/site\\\/?s={search_term_string}\"},\"query-input\":{\"@type\":\"PropertyValueSpecification\",\"valueRequired\":true,\"valueName\":\"search_term_string\"}}],\"inLanguage\":\"de\"}]}<\/script>\n<!-- \/ Yoast SEO plugin. -->","yoast_head_json":{"title":"Weltgebetstag 2024 aus Pal\u00e4stina - Ev.-luth. Kirchengemeinde Hettenhausen - Dalherda","description":"Ev.-luth. Kirchengemeinde Hettenhausen - Dalherda - Weltgebetstag 2024 aus Pal\u00e4stina -","robots":{"index":"index","follow":"follow","max-snippet":"max-snippet:-1","max-image-preview":"max-image-preview:large","max-video-preview":"max-video-preview:-1"},"canonical":"https:\/\/www.kirche-hettenhausen.de\/site\/events\/weltgebetstag-2024-aus-palaestina\/","og_locale":"de_DE","og_type":"article","og_title":"Weltgebetstag 2024 aus Pal\u00e4stina - Ev.-luth. Kirchengemeinde Hettenhausen - Dalherda","og_description":"Ev.-luth. Kirchengemeinde Hettenhausen - Dalherda - Weltgebetstag 2024 aus Pal\u00e4stina -","og_url":"https:\/\/www.kirche-hettenhausen.de\/site\/events\/weltgebetstag-2024-aus-palaestina\/","og_site_name":"Ev.-luth. Kirchengemeinde Hettenhausen - Dalherda","article_modified_time":"2024-02-18T14:13:19+00:00","og_image":[{"width":563,"height":794,"url":"https:\/\/www.kirche-hettenhausen.de\/site\/wp-content\/uploads\/2023\/10\/2024_Palaestina_Titel_Praying-Palestinian-_Women_von-der_Kuenstlerin-Halima_Aziz_web___2022-World-Day-of-Prayer-International-Committee-Inc.jpg","type":"image\/jpeg"}],"twitter_card":"summary_large_image","twitter_misc":{"Gesch\u00e4tzte Lesezeit":"1\u00a0Minute"},"schema":{"@context":"https:\/\/schema.org","@graph":[{"@type":"WebPage","@id":"https:\/\/www.kirche-hettenhausen.de\/site\/events\/weltgebetstag-2024-aus-palaestina\/","url":"https:\/\/www.kirche-hettenhausen.de\/site\/events\/weltgebetstag-2024-aus-palaestina\/","name":"Weltgebetstag 2024 aus Pal\u00e4stina - Ev.-luth. Kirchengemeinde Hettenhausen - Dalherda","isPartOf":{"@id":"https:\/\/www.kirche-hettenhausen.de\/site\/#website"},"primaryImageOfPage":{"@id":"https:\/\/www.kirche-hettenhausen.de\/site\/events\/weltgebetstag-2024-aus-palaestina\/#primaryimage"},"image":{"@id":"https:\/\/www.kirche-hettenhausen.de\/site\/events\/weltgebetstag-2024-aus-palaestina\/#primaryimage"},"thumbnailUrl":"https:\/\/www.kirche-hettenhausen.de\/site\/wp-content\/uploads\/2023\/10\/2024_Palaestina_Titel_Praying-Palestinian-_Women_von-der_Kuenstlerin-Halima_Aziz_web___2022-World-Day-of-Prayer-International-Committee-Inc.jpg","datePublished":"2023-10-18T13:11:51+00:00","dateModified":"2024-02-18T14:13:19+00:00","description":"Ev.-luth. Kirchengemeinde Hettenhausen - Dalherda - Weltgebetstag 2024 aus Pal\u00e4stina -","breadcrumb":{"@id":"https:\/\/www.kirche-hettenhausen.de\/site\/events\/weltgebetstag-2024-aus-palaestina\/#breadcrumb"},"inLanguage":"de","potentialAction":[{"@type":"ReadAction","target":["https:\/\/www.kirche-hettenhausen.de\/site\/events\/weltgebetstag-2024-aus-palaestina\/"]}]},{"@type":"ImageObject","inLanguage":"de","@id":"https:\/\/www.kirche-hettenhausen.de\/site\/events\/weltgebetstag-2024-aus-palaestina\/#primaryimage","url":"https:\/\/www.kirche-hettenhausen.de\/site\/wp-content\/uploads\/2023\/10\/2024_Palaestina_Titel_Praying-Palestinian-_Women_von-der_Kuenstlerin-Halima_Aziz_web___2022-World-Day-of-Prayer-International-Committee-Inc.jpg","contentUrl":"https:\/\/www.kirche-hettenhausen.de\/site\/wp-content\/uploads\/2023\/10\/2024_Palaestina_Titel_Praying-Palestinian-_Women_von-der_Kuenstlerin-Halima_Aziz_web___2022-World-Day-of-Prayer-International-Committee-Inc.jpg","width":563,"height":794,"caption":"Bild zum Weltgebetstag 2024 mit dem Titel \u201cPraying Palestinian Women\u201d von der K\u00fcnstlerin Halima Aziz \u00a9 Weltgebetstag \u2013 Internationales Komitee"},{"@type":"BreadcrumbList","@id":"https:\/\/www.kirche-hettenhausen.de\/site\/events\/weltgebetstag-2024-aus-palaestina\/#breadcrumb","itemListElement":[{"@type":"ListItem","position":1,"name":"Startseite","item":"https:\/\/www.kirche-hettenhausen.de\/site\/"},{"@type":"ListItem","position":2,"name":"Veranstaltungen","item":"https:\/\/www.kirche-hettenhausen.de\/site\/events\/"},{"@type":"ListItem","position":3,"name":"Weltgebetstag 2024 aus Pal\u00e4stina"}]},{"@type":"WebSite","@id":"https:\/\/www.kirche-hettenhausen.de\/site\/#website","url":"https:\/\/www.kirche-hettenhausen.de\/site\/","name":"Ev.-luth. Kirchengemeinde Hettenhausen - Dalherda","description":"Homepage der Ev.-luth. Kirchengemeinde Hettenhausen - Dalherda","potentialAction":[{"@type":"SearchAction","target":{"@type":"EntryPoint","urlTemplate":"https:\/\/www.kirche-hettenhausen.de\/site\/?s={search_term_string}"},"query-input":{"@type":"PropertyValueSpecification","valueRequired":true,"valueName":"search_term_string"}}],"inLanguage":"de"}]}},"_links":{"self":[{"href":"https:\/\/www.kirche-hettenhausen.de\/site\/wp-json\/wp\/v2\/mec-events\/13983","targetHints":{"allow":["GET"]}}],"collection":[{"href":"https:\/\/www.kirche-hettenhausen.de\/site\/wp-json\/wp\/v2\/mec-events"}],"about":[{"href":"https:\/\/www.kirche-hettenhausen.de\/site\/wp-json\/wp\/v2\/types\/mec-events"}],"author":[{"embeddable":true,"href":"https:\/\/www.kirche-hettenhausen.de\/site\/wp-json\/wp\/v2\/users\/2"}],"replies":[{"embeddable":true,"href":"https:\/\/www.kirche-hettenhausen.de\/site\/wp-json\/wp\/v2\/comments?post=13983"}],"wp:featuredmedia":[{"embeddable":true,"href":"https:\/\/www.kirche-hettenhausen.de\/site\/wp-json\/wp\/v2\/media\/13984"}],"wp:attachment":[{"href":"https:\/\/www.kirche-hettenhausen.de\/site\/wp-json\/wp\/v2\/media?parent=13983"}],"wp:term":[{"taxonomy":"post_tag","embeddable":true,"href":"https:\/\/www.kirche-hettenhausen.de\/site\/wp-json\/wp\/v2\/tags?post=13983"},{"taxonomy":"mec_category","embeddable":true,"href":"https:\/\/www.kirche-hettenhausen.de\/site\/wp-json\/wp\/v2\/mec_category?post=13983"}],"curies":[{"name":"wp","href":"https:\/\/api.w.org\/{rel}","templated":true}]}}